{"id":19985,"date":"2024-06-25T15:04:20","date_gmt":"2024-06-25T13:04:20","guid":{"rendered":"https:\/\/faschingszunft.ch\/?page_id=19985"},"modified":"2026-08-06T07:45:48","modified_gmt":"2026-08-06T05:45:48","slug":"home","status":"publish","type":"page","link":"https:\/\/faschingszunft.ch\/fr\/","title":{"rendered":"Home"},"content":{"rendered":"<div id='av-layout-grid-1'  class='av-layout-grid-container av-aflvu-ed97a41cc4653cdbceb6b078aac24a1e entry-content-wrapper main_color av-flex-cells  avia-builder-el-0  el_before_av_section  avia-builder-el-first  av-cell-min-height av-cell-min-height-75 av-medium-hide av-small-hide av-mini-hide container_wrap fullsize'   data-av_minimum_height_pc='75'>\n\n<style type=\"text\/css\" data-created_by=\"avia_inline_auto\" id=\"style-css-av-kanye999-f664da8905b68dd665589449f5e5749b\">\n.flex_cell.av-kanye999-f664da8905b68dd665589449f5e5749b{\nvertical-align:bottom;\nbackground:url(https:\/\/faschingszunft.ch\/wp-content\/uploads\/2026\/03\/header-2027.webp) 50% 100% no-repeat local ;\n}\n.responsive #top #wrap_all .flex_cell.av-kanye999-f664da8905b68dd665589449f5e5749b{\npadding:0px 0px 0px 0px !important;\n}\n<\/style>\n<div class='flex_cell av-kanye999-f664da8905b68dd665589449f5e5749b av-gridrow-cell av_one_full no_margin  avia-builder-el-1  avia-builder-el-no-sibling  content-align-bottom av-zero-padding avia-full-stretch'  ><div class='flex_cell_inner'>\n<style type=\"text\/css\" data-created_by=\"avia_inline_auto\" id=\"style-css-av-v9i98q-faa679de65607d16de787b9aa93dc754\">\n.avia-image-container.av-v9i98q-faa679de65607d16de787b9aa93dc754 img.avia_image{\nbox-shadow:none;\n}\n.avia-image-container.av-v9i98q-faa679de65607d16de787b9aa93dc754 .av-image-caption-overlay-center{\ncolor:#ffffff;\n}\n<\/style>\n<div  class='avia-image-container av-v9i98q-faa679de65607d16de787b9aa93dc754 av-styling- avia-align-center  avia-builder-el-2  avia-builder-el-no-sibling  av-small-hide av-mini-hide'   itemprop=\"image\" itemscope=\"itemscope\" itemtype=\"https:\/\/schema.org\/ImageObject\" ><div class=\"avia-image-container-inner\"><div class=\"avia-image-overlay-wrap\"><img decoding=\"async\" fetchpriority=\"high\" class='wp-image-8955 avia-img-lazy-loading-not-8955 avia_image ' src=\"https:\/\/faschingszunft.ch\/wp-content\/uploads\/2020\/05\/weise_Linie.png\" alt='' title='ligne blanche'  height=\"30\" width=\"3500\"  itemprop=\"thumbnailUrl\" srcset=\"https:\/\/faschingszunft.ch\/wp-content\/uploads\/2020\/05\/weise_Linie.png 3500w, https:\/\/faschingszunft.ch\/wp-content\/uploads\/2020\/05\/weise_Linie-300x3.png 300w, https:\/\/faschingszunft.ch\/wp-content\/uploads\/2020\/05\/weise_Linie-1030x9.png 1030w, https:\/\/faschingszunft.ch\/wp-content\/uploads\/2020\/05\/weise_Linie-768x7.png 768w, https:\/\/faschingszunft.ch\/wp-content\/uploads\/2020\/05\/weise_Linie-1536x13.png 1536w, https:\/\/faschingszunft.ch\/wp-content\/uploads\/2020\/05\/weise_Linie-2048x18.png 2048w, https:\/\/faschingszunft.ch\/wp-content\/uploads\/2020\/05\/weise_Linie-1500x13.png 1500w, https:\/\/faschingszunft.ch\/wp-content\/uploads\/2020\/05\/weise_Linie-705x6.png 705w, https:\/\/faschingszunft.ch\/wp-content\/uploads\/2020\/05\/weise_Linie-600x5.png 600w\" sizes=\"(max-width: 3500px) 100vw, 3500px\" \/><\/div><\/div><\/div>\n<\/div><\/div>\n<\/div>\n<div id='av_section_1'  class='avia-section av-ujtiu-a764aaa06a04754d04eb62509c332841 main_color avia-section-small avia-no-border-styling  avia-builder-el-3  el_after_av_layout_row  el_before_av_section  av-medium-hide av-small-hide av-mini-hide avia-bg-style-scroll container_wrap fullsize'  ><div class='container av-section-cont-open' ><div class='template-page content  av-content-full alpha units'><div class='post-entry post-entry-type-page post-entry-19985'><div class='entry-content-wrapper clearfix'>\n\n<style type=\"text\/css\" data-created_by=\"avia_inline_auto\" id=\"style-css-av-mez32-d14d243fdc4d6c3d34afa071d56da857\">\n#top .flex_column.av-mez32-d14d243fdc4d6c3d34afa071d56da857{\nmargin-top:-50%;\nmargin-bottom:0px;\n}\n.flex_column.av-mez32-d14d243fdc4d6c3d34afa071d56da857{\nborder-radius:0px 0px 0px 0px;\npadding:5px 5px 5px 5px;\n}\n.responsive #top #wrap_all .flex_column.av-mez32-d14d243fdc4d6c3d34afa071d56da857{\nmargin-top:-50%;\nmargin-bottom:0px;\n}\n<\/style>\n<div  class='flex_column av-mez32-d14d243fdc4d6c3d34afa071d56da857 av_four_fifth  avia-builder-el-4  avia-builder-el-no-sibling  first av-break-at-tablet flex_column_div av-animated-generic fade-in-up  '     ><style type=\"text\/css\" data-created_by=\"avia_inline_auto\" id=\"style-css-av-kaf531ub-da9413c3a5438ea42c8742e3e0697fa3\">\n.avia-image-container.av-kaf531ub-da9413c3a5438ea42c8742e3e0697fa3 img.avia_image{\nbox-shadow:none;\n}\n.avia-image-container.av-kaf531ub-da9413c3a5438ea42c8742e3e0697fa3 .av-image-caption-overlay-center{\ncolor:#ffffff;\n}\n<\/style>\n<div  class='avia-image-container av-kaf531ub-da9413c3a5438ea42c8742e3e0697fa3 av-styling- avia_animated_image av-animated-when-visible-95 fade-in avia-align-center  avia-builder-el-5  avia-builder-el-no-sibling '   itemprop=\"image\" itemscope=\"itemscope\" itemtype=\"https:\/\/schema.org\/ImageObject\" ><div class=\"avia-image-container-inner\"><div class=\"avia-image-overlay-wrap\"><img decoding=\"async\" fetchpriority=\"high\" class='wp-image-23401 avia-img-lazy-loading-not-23401 avia_image ' src=\"https:\/\/faschingszunft.ch\/wp-content\/uploads\/2026\/03\/web-datum-27.webp\" alt='' title='web-datum-27'  height=\"1143\" width=\"2048\"  itemprop=\"thumbnailUrl\" srcset=\"https:\/\/faschingszunft.ch\/wp-content\/uploads\/2026\/03\/web-datum-27.webp 2048w, https:\/\/faschingszunft.ch\/wp-content\/uploads\/2026\/03\/web-datum-27-300x167.webp 300w, https:\/\/faschingszunft.ch\/wp-content\/uploads\/2026\/03\/web-datum-27-1030x575.webp 1030w, https:\/\/faschingszunft.ch\/wp-content\/uploads\/2026\/03\/web-datum-27-768x429.webp 768w, https:\/\/faschingszunft.ch\/wp-content\/uploads\/2026\/03\/web-datum-27-1536x857.webp 1536w, https:\/\/faschingszunft.ch\/wp-content\/uploads\/2026\/03\/web-datum-27-1500x837.webp 1500w, https:\/\/faschingszunft.ch\/wp-content\/uploads\/2026\/03\/web-datum-27-705x393.webp 705w, https:\/\/faschingszunft.ch\/wp-content\/uploads\/2026\/03\/web-datum-27-450x251.webp 450w, https:\/\/faschingszunft.ch\/wp-content\/uploads\/2026\/03\/web-datum-27-600x335.webp 600w\" sizes=\"(max-width: 2048px) 100vw, 2048px\" \/><\/div><\/div><\/div><\/div>\n\n<\/div><\/div><\/div><!-- close content main div --><\/div><\/div>\n<style type=\"text\/css\" data-created_by=\"avia_inline_auto\" id=\"style-css-av-ujtiu-13-250c57759514ba5788ab9b2675d23a73\">\n.avia-section.av-ujtiu-13-250c57759514ba5788ab9b2675d23a73{\nbackground-repeat:no-repeat;\nbackground-image:url(https:\/\/faschingszunft.ch\/wp-content\/uploads\/2026\/03\/header-2027.webp);\nbackground-position:50% 0%;\nbackground-attachment:fixed;\n}\n.avia-section.av-ujtiu-13-250c57759514ba5788ab9b2675d23a73 .av-section-color-overlay{\nopacity:0.5;\n}\n<\/style>\n<div id='av_section_2'  class='avia-section av-ujtiu-13-250c57759514ba5788ab9b2675d23a73 main_color avia-section-small avia-no-border-styling  avia-builder-el-6  el_after_av_section  el_before_av_layout_row  av-desktop-hide avia-full-stretch avia-bg-style-fixed av-section-color-overlay-active container_wrap fullsize'  data-section-bg-repeat='stretch'><div class=\"av-section-color-overlay-wrap\"><div class=\"av-section-color-overlay\"><\/div><div class='container av-section-cont-open' ><div class='template-page content  av-content-full alpha units'><div class='post-entry post-entry-type-page post-entry-19985'><div class='entry-content-wrapper clearfix'>\n\n<style type=\"text\/css\" data-created_by=\"avia_inline_auto\" id=\"style-css-av-mez32-12-25ac17a6f300ff3a5d15c05bc93c2fbc\">\n.flex_column.av-mez32-12-25ac17a6f300ff3a5d15c05bc93c2fbc{\nborder-radius:0px 0px 0px 0px;\npadding:5px 5px 5px 5px;\n}\n<\/style>\n<div  class='flex_column av-mez32-12-25ac17a6f300ff3a5d15c05bc93c2fbc av_four_fifth  avia-builder-el-7  avia-builder-el-no-sibling  first av-break-at-tablet flex_column_div av-animated-generic bottom-to-top  '     ><style type=\"text\/css\" data-created_by=\"avia_inline_auto\" id=\"style-css-av-kaf531ub-11-4975f8fa6eb6586000e6cea64d728140\">\n.avia-image-container.av-kaf531ub-11-4975f8fa6eb6586000e6cea64d728140 img.avia_image{\nbox-shadow:none;\n}\n.avia-image-container.av-kaf531ub-11-4975f8fa6eb6586000e6cea64d728140 .av-image-caption-overlay-center{\ncolor:#ffffff;\n}\n<\/style>\n<div  class='avia-image-container av-kaf531ub-11-4975f8fa6eb6586000e6cea64d728140 av-styling- avia_animated_image av-animated-when-visible-95 fade-in avia-align-center  avia-builder-el-8  avia-builder-el-no-sibling '   itemprop=\"image\" itemscope=\"itemscope\" itemtype=\"https:\/\/schema.org\/ImageObject\" ><div class=\"avia-image-container-inner\"><div class=\"avia-image-overlay-wrap\"><img decoding=\"async\" fetchpriority=\"high\" class='wp-image-23401 avia-img-lazy-loading-not-23401 avia_image ' src=\"https:\/\/faschingszunft.ch\/wp-content\/uploads\/2026\/03\/web-datum-27.webp\" alt='' title='web-datum-27'  height=\"1143\" width=\"2048\"  itemprop=\"thumbnailUrl\" srcset=\"https:\/\/faschingszunft.ch\/wp-content\/uploads\/2026\/03\/web-datum-27.webp 2048w, https:\/\/faschingszunft.ch\/wp-content\/uploads\/2026\/03\/web-datum-27-300x167.webp 300w, https:\/\/faschingszunft.ch\/wp-content\/uploads\/2026\/03\/web-datum-27-1030x575.webp 1030w, https:\/\/faschingszunft.ch\/wp-content\/uploads\/2026\/03\/web-datum-27-768x429.webp 768w, https:\/\/faschingszunft.ch\/wp-content\/uploads\/2026\/03\/web-datum-27-1536x857.webp 1536w, https:\/\/faschingszunft.ch\/wp-content\/uploads\/2026\/03\/web-datum-27-1500x837.webp 1500w, https:\/\/faschingszunft.ch\/wp-content\/uploads\/2026\/03\/web-datum-27-705x393.webp 705w, https:\/\/faschingszunft.ch\/wp-content\/uploads\/2026\/03\/web-datum-27-450x251.webp 450w, https:\/\/faschingszunft.ch\/wp-content\/uploads\/2026\/03\/web-datum-27-600x335.webp 600w\" sizes=\"(max-width: 2048px) 100vw, 2048px\" \/><\/div><\/div><\/div><\/div>\n\n<\/div><\/div><\/div><!-- close content main div --><\/div><\/div><\/div><div id='av-layout-grid-2'  class='av-layout-grid-container av-2kejq-a2f3ae50f7f65a6652a627a97c570c77 entry-content-wrapper main_color av-flex-cells av-break-at-tablet  avia-builder-el-9  el_after_av_section  el_before_av_layout_row  grid-row-not-first  container_wrap fullsize'  >\n\n<style type=\"text\/css\" data-created_by=\"avia_inline_auto\" id=\"style-css-av-e30h2-bd0786db2da02458d7f638e054ac55ae\">\n.flex_cell.av-e30h2-bd0786db2da02458d7f638e054ac55ae{\nvertical-align:top;\n}\n<\/style>\n<div class='flex_cell av-e30h2-bd0786db2da02458d7f638e054ac55ae av-gridrow-cell av_one_full no_margin  avia-builder-el-10  avia-builder-el-no-sibling  content-align-top'  ><div class='flex_cell_inner'><p><div  class='flex_column av-nhk8lm-eb0f222d587c77f1239961ff0589fc0c av_one_fourth  avia-builder-el-11  el_before_av_one_half  avia-builder-el-first  first flex_column_div av-hide-on-mobile  '     ><style type=\"text\/css\" data-created_by=\"avia_inline_auto\" id=\"style-css-av-lxiy3x9q-d610dd18b907b4373c2d27c2fc9c4fb3\">\n#top .av_textblock_section.av-lxiy3x9q-d610dd18b907b4373c2d27c2fc9c4fb3 .avia_textblock{\ncolor:#e2001a;\n}\n<\/style>\n<section  class='av_textblock_section av-lxiy3x9q-d610dd18b907b4373c2d27c2fc9c4fb3 '   itemscope=\"itemscope\" itemtype=\"https:\/\/schema.org\/CreativeWork\" ><div class='avia_textblock av_inherit_color'  itemprop=\"text\" ><h3>Sponsors<\/h3>\n<\/div><\/section><br \/>\n<section  class='av_textblock_section av-b7n0u-25b2ffb4f845c31e2715a4e90a5cf2fa '   itemscope=\"itemscope\" itemtype=\"https:\/\/schema.org\/CreativeWork\" ><div class='av-small-hide av-mini-hide avia_textblock'  itemprop=\"text\" ><p><a href=\"\/sponsoren\/\"><img loading=\"lazy\" decoding=\"async\" class=\"alignnone size-full wp-image-18967\" src=\"https:\/\/faschingszunft.ch\/wp-content\/uploads\/2026\/07\/sponsoren-widget_27.webp\" alt=\"\" width=\"688\" height=\"506\" \/><\/a><\/p>\n<div style=\"margin-top: 40px; margin-bottom: 30px;\">\n<hr \/>\n<\/div>\n<\/div><\/section><br \/>\n\n<style type=\"text\/css\" data-created_by=\"avia_inline_auto\" id=\"style-css-av-lxio7abq-a716230550637a57b45b1625ad6eb270\">\n#top .av_textblock_section.av-lxio7abq-a716230550637a57b45b1625ad6eb270 .avia_textblock{\ncolor:#e2001a;\n}\n<\/style>\n<section  class='av_textblock_section av-lxio7abq-a716230550637a57b45b1625ad6eb270 '   itemscope=\"itemscope\" itemtype=\"https:\/\/schema.org\/CreativeWork\" ><div class='avia_textblock av_inherit_color'  itemprop=\"text\" ><h3>La guilde sur Facebook<\/h3>\n<\/div><\/section><br \/>\n<section  class='av_textblock_section av-jidk43nq-6a0834a2828727e09498c8246437e5ce '   itemscope=\"itemscope\" itemtype=\"https:\/\/schema.org\/CreativeWork\" ><div class='avia_textblock'  itemprop=\"text\" ><div class=\"noLightbox\"><div class=\"cff-wrapper\"><div class=\"cff-wrapper-ctn \" ><div id=\"cff\" data-char=\"400\" class=\"cff cff-theme-default_theme  cff-mob-cols-1 cff-tab-cols-1  cff-half-layout cff-timeline-feed cff-pag cff-all-reviews cff-nojs  cff-lightbox cff-lb\" style=\"width:100%; \" data-fb-text=\"Auf Facebook ansehen\" data-offset=\"\" data-media-side=\"left\" data-own-token=\"true\" data-grid-pag=\"cursor\" data-restricted=\"true\" data-lb-comments=\"true\" data-pag-num=\"3\" data-cff-shortcode=\"\" data-postid=\"19985\" data-locatornonce=\"281563088f\" data-cff-theme=\"default_theme\" ><svg width=\"24px\" height=\"24px\" version=\"1.1\" xmlns=\"http:\/\/www.w3.org\/2000\/svg\" xmlns:xlink=\"http:\/\/www.w3.org\/1999\/xlink\" class=\"cff-screenreader\" role=\"img\" aria-labelledby=\"metaSVGid metaSVGdesc\"><title id=\"metaSVGid\">Comments Box SVG icons<\/title><desc id=\"metaSVGdesc\">Used for the like, share, comment, and reaction icons<\/desc><defs><linearGradient id=\"angryGrad\" x1=\"0\" x2=\"0\" y1=\"0\" y2=\"1\"><stop offset=\"0%\" stop-color=\"#f9ae9e\" \/><stop offset=\"70%\" stop-color=\"#ffe7a4\" \/><\/linearGradient><linearGradient id=\"likeGrad\"><stop offset=\"25%\" stop-color=\"rgba(0,0,0,0.05)\" \/><stop offset=\"26%\" stop-color=\"rgba(255,255,255,0.7)\" \/><\/linearGradient><linearGradient id=\"likeGradHover\"><stop offset=\"25%\" stop-color=\"#a3caff\" \/><stop offset=\"26%\" stop-color=\"#fff\" \/><\/linearGradient><linearGradient id=\"likeGradDark\"><stop offset=\"25%\" stop-color=\"rgba(255,255,255,0.5)\" \/><stop offset=\"26%\" stop-color=\"rgba(255,255,255,0.7)\" \/><\/linearGradient><\/defs><\/svg>\t\t<div class=\"cff-error-msg\">\n\t\t\t<div>\n\t\t\t<svg  aria-hidden=\"true\" focusable=\"false\" data-prefix=\"fas\" data-icon=\"lock\" role=\"img\" xmlns=\"http:\/\/www.w3.org\/2000\/svg\" viewBox=\"0 0 448 512\" class=\"svg-inline--fa fa-lock fa-w-14 \"><path fill=\"currentColor\" d=\"M400 224h-24v-72C376 68.2 307.8 0 224 0S72 68.2 72 152v72H48c-26.5 0-48 21.5-48 48v192c0 26.5 21.5 48 48 48h352c26.5 0 48-21.5 48-48V272c0-26.5-21.5-48-48-48zm-104 0H152v-72c0-39.7 32.3-72 72-72s72 32.3 72 72v72z\"><\/path><\/svg><b>Ce message est uniquement visible par les administrateurs\/administratrices.<\/b><br\/>\n\t\t\t\tProbl\u00e8me d\u2019affichage des publications Facebook.\t\t\t\t\t\t\t\t\t<\/div>\n\t\t\t\t\t<div id=\"cff-error-reason\">\n\t\t\t\t\t\t\t\t\t\t\t\t\t\t\t\t\t\t\t\t\t\t\t\t\t\t\t\t\t\t\t\t\t\t\t\t\t\t\t\t\t\t\t\t\t\t\t\t\t\t\t\t\t\t\t\t\t\t\t\t<b>Erreur:<\/b> Aucune publication n\u2019est disponible pour cet ID Facebook.\t\t\t\t\t\t\t\t\t\t\t\t\t\t\t\t\t\t\t\t\t\t\t\t\t\t\t\t\t\t\t\t<\/div>\n\t\t\t\t\t\t<\/div>\n\t\t\t<div class=\"cff-posts-wrap\"><\/div><span class=\"cff_resized_image_data\" data-feedid=\"cff_12859086748741859086748741005mede0000\" data-resized=\"[{&quot;media_id&quot;:&quot;1285908674874100_1177015487758435&quot;,&quot;facebook_id&quot;:&quot;1285908674874100_1177015487758435&quot;,&quot;aspect_ratio&quot;:&quot;1.00&quot;,&quot;sizes&quot;:&quot;[400,250]&quot;},{&quot;media_id&quot;:&quot;1285908674874100_1176950377764946&quot;,&quot;facebook_id&quot;:&quot;1285908674874100_1176950377764946&quot;,&quot;aspect_ratio&quot;:&quot;1.00&quot;,&quot;sizes&quot;:&quot;[400,250]&quot;},{&quot;media_id&quot;:&quot;1285908674874100_1176858114440839&quot;,&quot;facebook_id&quot;:&quot;1285908674874100_1176858114440839&quot;,&quot;aspect_ratio&quot;:&quot;1.00&quot;,&quot;sizes&quot;:&quot;[400,250]&quot;}]\"><\/span><\/div><\/div><div class=\"cff-clear\"><\/div><\/div><\/div>\n<\/div><\/section><\/p><\/div>\n<style type=\"text\/css\" data-created_by=\"avia_inline_auto\" id=\"style-css-av-epqdi-a60122562be21205ba4a6c78529fd2d1\">\n.flex_column.av-epqdi-a60122562be21205ba4a6c78529fd2d1{\nborder-radius:0px 0px 0px 0px;\npadding:0px 0px 0px 0px;\n}\n<\/style>\n<div  class='flex_column av-epqdi-a60122562be21205ba4a6c78529fd2d1 av_one_half  avia-builder-el-16  el_after_av_one_fourth  el_before_av_one_fourth  flex_column_div av-zero-column-padding  '     ><p><section  class='av_textblock_section av-msg1y1b9-604af40968122edecb75087309427d9e '   itemscope=\"itemscope\" itemtype=\"https:\/\/schema.org\/CreativeWork\" ><div class='avia_textblock'  itemprop=\"text\" ><p><a href=\"\/fr\/inscriptions-et-formulaires\/\"><img loading=\"lazy\" decoding=\"async\" class=\"alignnone size-full wp-image-23680\" src=\"https:\/\/faschingszunft.ch\/wp-content\/uploads\/2026\/08\/anmeldung-umzuege-fr.webp\" alt=\"\" width=\"1500\" height=\"343\" srcset=\"https:\/\/faschingszunft.ch\/wp-content\/uploads\/2026\/08\/anmeldung-umzuege-fr.webp 1500w, https:\/\/faschingszunft.ch\/wp-content\/uploads\/2026\/08\/anmeldung-umzuege-fr-300x69.webp 300w, https:\/\/faschingszunft.ch\/wp-content\/uploads\/2026\/08\/anmeldung-umzuege-fr-1030x236.webp 1030w, https:\/\/faschingszunft.ch\/wp-content\/uploads\/2026\/08\/anmeldung-umzuege-fr-768x176.webp 768w, https:\/\/faschingszunft.ch\/wp-content\/uploads\/2026\/08\/anmeldung-umzuege-fr-705x161.webp 705w, https:\/\/faschingszunft.ch\/wp-content\/uploads\/2026\/08\/anmeldung-umzuege-fr-450x103.webp 450w, https:\/\/faschingszunft.ch\/wp-content\/uploads\/2026\/08\/anmeldung-umzuege-fr-600x137.webp 600w\" sizes=\"auto, (max-width: 1500px) 100vw, 1500px\" \/><\/a><\/p>\n<\/div><\/section><br \/>\n<section  class='av_textblock_section av-msh3bpc1-c16cec0bfd9e3242027c55e39736c996 '   itemscope=\"itemscope\" itemtype=\"https:\/\/schema.org\/CreativeWork\" ><div class='avia_textblock'  itemprop=\"text\" ><p><a href=\"\/fr\/portfolio-item\/commande-dun-stand-au-carnaval-de-bienne\/\"><img loading=\"lazy\" decoding=\"async\" class=\"alignnone size-full wp-image-20771\" src=\"https:\/\/faschingszunft.ch\/wp-content\/uploads\/2024\/11\/standanmeldung-teaser.webp\" alt=\"\" width=\"1500\" height=\"343\" srcset=\"https:\/\/faschingszunft.ch\/wp-content\/uploads\/2024\/11\/standanmeldung-teaser.webp 1500w, https:\/\/faschingszunft.ch\/wp-content\/uploads\/2024\/11\/standanmeldung-teaser-300x69.webp 300w, https:\/\/faschingszunft.ch\/wp-content\/uploads\/2024\/11\/standanmeldung-teaser-1030x236.webp 1030w, https:\/\/faschingszunft.ch\/wp-content\/uploads\/2024\/11\/standanmeldung-teaser-768x176.webp 768w, https:\/\/faschingszunft.ch\/wp-content\/uploads\/2024\/11\/standanmeldung-teaser-705x161.webp 705w, https:\/\/faschingszunft.ch\/wp-content\/uploads\/2024\/11\/standanmeldung-teaser-450x103.webp 450w, https:\/\/faschingszunft.ch\/wp-content\/uploads\/2024\/11\/standanmeldung-teaser-600x137.webp 600w\" sizes=\"auto, (max-width: 1500px) 100vw, 1500px\" \/><\/a><\/p>\n<\/div><\/section><br \/>\n<div id='av-masonry-1' class='av-masonry av-mdll9g78-7bff0d3f9c734bedaccac728a555ae3d noHover av-fixed-size av-large-gap av-hover-overlay-active av-masonry-animation-active av-masonry-col-2 av-caption-always av-caption-style-overlay av-masonry-entries av-desktop-hide av-medium-hide av-small-hide av-mini-hide ' data-post_id=\"19985\"><div class=\"av-masonry-container isotope av-js-disabled\"><div class='av-masonry-entry isotope-item av-masonry-item-no-image all_sort participer_sort '><\/div><a href=\"https:\/\/faschingszunft.ch\/fr\/portfolio-item\/corteges-societes\/\"  id='av-masonry-1-item-19761' data-av-masonry-item='19761' class='av-masonry-entry isotope-item post-19761 portfolio type-portfolio status-publish has-post-thumbnail hentry portfolio_entries-participer all_sort participer_sort  av-masonry-item-with-image' title=\"RA1A9741\"   itemscope=\"itemscope\" itemtype=\"https:\/\/schema.org\/CreativeWork\" ><div class='av-inner-masonry-sizer'><\/div><figure class='av-inner-masonry main_color'><div class=\"av-masonry-outerimage-container\"><div class='av-masonry-image-container' style=\"background-image: url(https:\/\/faschingszunft.ch\/wp-content\/uploads\/2024\/02\/RA1A9741-705x470.jpg);\"  title=\"RA1A9741\" ><\/div><\/div><figcaption class='av-inner-masonry-content site-background'><div class='av-inner-masonry-content-pos'><div class='av-inner-masonry-content-pos-content'><div class='avia-arrow'><\/div><h3 class='av-masonry-entry-title entry-title '  itemprop=\"headline\" >Inscription pour carnaval 2027 (pour soci\u00e9t\u00e9s)<\/h3><\/div><\/div><\/figcaption><\/figure><\/a><!--end av-masonry entry--><a href=\"https:\/\/faschingszunft.ch\/fr\/portfolio-item\/pour-prives\/\"  id='av-masonry-1-item-19752' data-av-masonry-item='19752' class='av-masonry-entry isotope-item post-19752 portfolio type-portfolio status-publish has-post-thumbnail hentry portfolio_entries-participer all_sort participer_sort  av-masonry-item-with-image' title=\"RA1A9352\"   itemscope=\"itemscope\" itemtype=\"https:\/\/schema.org\/CreativeWork\" ><div class='av-inner-masonry-sizer'><\/div><figure class='av-inner-masonry main_color'><div class=\"av-masonry-outerimage-container\"><div class='av-masonry-image-container' style=\"background-image: url(https:\/\/faschingszunft.ch\/wp-content\/uploads\/2024\/02\/RA1A9352-705x470.jpg);\"  title=\"RA1A9352\" ><\/div><\/div><figcaption class='av-inner-masonry-content site-background'><div class='av-inner-masonry-content-pos'><div class='av-inner-masonry-content-pos-content'><div class='avia-arrow'><\/div><h3 class='av-masonry-entry-title entry-title '  itemprop=\"headline\" >Inscription pour Carnaval 2027 (pour priv\u00e9s)<\/h3><\/div><\/div><\/figcaption><\/figure><\/a><!--end av-masonry entry--><a href=\"https:\/\/faschingszunft.ch\/fr\/portfolio-item\/concours-masques\/\"  id='av-masonry-1-item-20001' data-av-masonry-item='20001' class='av-masonry-entry isotope-item post-20001 portfolio type-portfolio status-publish has-post-thumbnail hentry portfolio_entries-participer all_sort participer_sort  av-masonry-item-with-image' title=\"RA1A1107\"   itemscope=\"itemscope\" itemtype=\"https:\/\/schema.org\/CreativeWork\" ><div class='av-inner-masonry-sizer'><\/div><figure class='av-inner-masonry main_color'><div class=\"av-masonry-outerimage-container\"><div class='av-masonry-image-container' style=\"background-image: url(https:\/\/faschingszunft.ch\/wp-content\/uploads\/2023\/02\/RA1A1107-705x470.jpg);\"  title=\"RA1A1107\" ><\/div><\/div><figcaption class='av-inner-masonry-content site-background'><div class='av-inner-masonry-content-pos'><div class='av-inner-masonry-content-pos-content'><div class='avia-arrow'><\/div><h3 class='av-masonry-entry-title entry-title '  itemprop=\"headline\" >Concours \u00abmasques et d\u00e9guisements\u00bb<\/h3><\/div><\/div><\/figcaption><\/figure><\/a><!--end av-masonry entry--><\/div><\/div><br \/>\n\n<style type=\"text\/css\" data-created_by=\"avia_inline_auto\" id=\"style-css-av-mdllaoo7-6cc1f068f5f37f37f295eab7ff7e93f1\">\n#top .hr.hr-invisible.av-mdllaoo7-6cc1f068f5f37f37f295eab7ff7e93f1{\nheight:35px;\n}\n<\/style>\n<div  class='hr av-mdllaoo7-6cc1f068f5f37f37f295eab7ff7e93f1 hr-invisible  avia-builder-el-20  el_after_av_masonry_entries  el_before_av_textblock  avia-builder-el-first '><span class='hr-inner '><span class=\"hr-inner-style\"><\/span><\/span><\/div><br \/>\n\n<style type=\"text\/css\" data-created_by=\"avia_inline_auto\" id=\"style-css-av-s22b75-11432c1b21e51c7264fdd0b5dc4969f5\">\n#top .av_textblock_section.av-s22b75-11432c1b21e51c7264fdd0b5dc4969f5 .avia_textblock{\ncolor:#e2001a;\n}\n<\/style>\n<section  class='av_textblock_section av-s22b75-11432c1b21e51c7264fdd0b5dc4969f5 '   itemscope=\"itemscope\" itemtype=\"https:\/\/schema.org\/CreativeWork\" ><div class='avia_textblock av_inherit_color'  itemprop=\"text\" ><h2>Editorial<\/h2>\n<\/div><\/section><br \/>\n\n<style type=\"text\/css\" data-created_by=\"avia_inline_auto\" id=\"style-css-av-kkwtyflw-035b9142b165c25b663a07e11ee4a300\">\n#top .av_textblock_section.av-kkwtyflw-035b9142b165c25b663a07e11ee4a300 .avia_textblock{\ntext-align:justify;\n}\n<\/style>\n<section  class='av_textblock_section av-kkwtyflw-035b9142b165c25b663a07e11ee4a300 '   itemscope=\"itemscope\" itemtype=\"https:\/\/schema.org\/CreativeWork\" ><div class='av-small-hide av-mini-hide avia_textblock'  itemprop=\"text\" ><section  class='av_textblock_section av-kzdx9bjq-0ce2497eebfaf1a2fb108b18699db453 '   itemscope=\"itemscope\" itemtype=\"https:\/\/schema.org\/CreativeWork\" ><div class='avia_textblock'  itemprop=\"text\" ><p><img loading=\"lazy\" decoding=\"async\" class=\"wp-image-18552 alignleft\" src=\"https:\/\/faschingszunft.ch\/wp-content\/uploads\/2023\/11\/philipp-300x300.jpg\" alt=\"\" width=\"165\" height=\"165\" srcset=\"https:\/\/faschingszunft.ch\/wp-content\/uploads\/2023\/11\/philipp-300x300.jpg 300w, https:\/\/faschingszunft.ch\/wp-content\/uploads\/2023\/11\/philipp-80x80.jpg 80w, https:\/\/faschingszunft.ch\/wp-content\/uploads\/2023\/11\/philipp-36x36.jpg 36w, https:\/\/faschingszunft.ch\/wp-content\/uploads\/2023\/11\/philipp-180x180.jpg 180w, https:\/\/faschingszunft.ch\/wp-content\/uploads\/2023\/11\/philipp-120x120.jpg 120w, https:\/\/faschingszunft.ch\/wp-content\/uploads\/2023\/11\/philipp-450x450.jpg 450w, https:\/\/faschingszunft.ch\/wp-content\/uploads\/2023\/11\/philipp-100x100.jpg 100w, https:\/\/faschingszunft.ch\/wp-content\/uploads\/2023\/11\/philipp.jpg 480w\" sizes=\"auto, (max-width: 165px) 100vw, 165px\" \/><\/p>\n<p class=\"PDq2pG_selectionAnchorContainer\" data-start=\"580\" data-end=\"613\"><strong data-start=\"580\" data-end=\"613\">C&rsquo;est reparti!<\/strong><\/p>\n<p data-start=\"615\" data-end=\"761\">L\u2019\u00e9t\u00e9 touche doucement \u00e0 sa fin \u2013 et le carnaval revient. <strong data-start=\"673\" data-end=\"761\">Plus seulement dans les coulisses. Il commence \u00e0 se voir, \u00e0 s\u2019entendre, \u00e0 se sentir.<\/strong><\/p>\n<p data-start=\"763\" data-end=\"961\">Le <strong data-start=\"766\" data-end=\"781\">5 septembre<\/strong>, nous l\u00e8verons le voile sur le premier grand secret : la <strong data-start=\"839\" data-end=\"869\">plaquette du Carnaval 2027<\/strong>. Un petit morceau de mati\u00e8re\u2013 mais surtout le premier signe visible que la saison red\u00e9marre.<\/p>\n<p data-start=\"963\" data-end=\"1147\">Puis tout s\u2019acc\u00e9l\u00e8re. Les constructeurs de chars pr\u00e9parent leurs projets, les cliques r\u00e9p\u00e8tent, les tissus se d\u00e9coupent et les masques prennent forme. <strong data-start=\"1113\" data-end=\"1147\">Les id\u00e9es deviennent Carnaval.<\/strong><\/p>\n<p data-start=\"1149\" data-end=\"1329\"><strong data-start=\"1149\" data-end=\"1177\">Et puis arrive le 11.11.<\/strong> \u00c0 11 h 11, le Carnaval de Bienne se r\u00e9veille pour de bon. Les premiers sons r\u00e9sonnent dans la ville \u2013 et ce petit frisson si particulier est de retour.<\/p>\n<p data-start=\"1331\" data-end=\"1386\">\u00c0 partir de l\u00e0, une seule direction : <strong data-start=\"1369\" data-end=\"1386\">f\u00e9vrier 2027.\u00a0<\/strong>D\u2019ici l\u00e0, il faudra des bras, du c\u0153ur et beaucoup d\u2019\u00e9nergie. Car le Carnaval ne se fait pas tout seul. <strong>A<\/strong> <strong data-start=\"1491\" data-end=\"1532\">nous tous de le faire vivre!<\/strong><\/p>\n<p>Cordialement,<\/p>\n<p>Andreas Philipp<br \/>\nOberfou, Guilde du Carnaval de Bienne<\/p>\n<\/div><\/section>\n\n<\/div><\/section><br \/>\n<section  class='av_textblock_section av-lxeqzqdh-2e4b80a1dfc505b1d4a3c87945a48368 '   itemscope=\"itemscope\" itemtype=\"https:\/\/schema.org\/CreativeWork\" ><div class='av-desktop-hide av-medium-hide avia_textblock'  itemprop=\"text\" ><section  class='av_textblock_section av-kzdx9bjq-0ce2497eebfaf1a2fb108b18699db453 '   itemscope=\"itemscope\" itemtype=\"https:\/\/schema.org\/CreativeWork\" ><div class='avia_textblock'  itemprop=\"text\" ><p><img loading=\"lazy\" decoding=\"async\" class=\"wp-image-18552 alignleft\" src=\"https:\/\/faschingszunft.ch\/wp-content\/uploads\/2023\/11\/philipp-300x300.jpg\" alt=\"\" width=\"165\" height=\"165\" srcset=\"https:\/\/faschingszunft.ch\/wp-content\/uploads\/2023\/11\/philipp-300x300.jpg 300w, https:\/\/faschingszunft.ch\/wp-content\/uploads\/2023\/11\/philipp-80x80.jpg 80w, https:\/\/faschingszunft.ch\/wp-content\/uploads\/2023\/11\/philipp-36x36.jpg 36w, https:\/\/faschingszunft.ch\/wp-content\/uploads\/2023\/11\/philipp-180x180.jpg 180w, https:\/\/faschingszunft.ch\/wp-content\/uploads\/2023\/11\/philipp-120x120.jpg 120w, https:\/\/faschingszunft.ch\/wp-content\/uploads\/2023\/11\/philipp-450x450.jpg 450w, https:\/\/faschingszunft.ch\/wp-content\/uploads\/2023\/11\/philipp-100x100.jpg 100w, https:\/\/faschingszunft.ch\/wp-content\/uploads\/2023\/11\/philipp.jpg 480w\" sizes=\"auto, (max-width: 165px) 100vw, 165px\" \/><\/p>\n<p class=\"PDq2pG_selectionAnchorContainer\" data-start=\"580\" data-end=\"613\"><strong data-start=\"580\" data-end=\"613\">C&rsquo;est reparti!<\/strong><\/p>\n<p data-start=\"615\" data-end=\"761\">L\u2019\u00e9t\u00e9 touche doucement \u00e0 sa fin \u2013 et le carnaval revient. <strong data-start=\"673\" data-end=\"761\">Plus seulement dans les coulisses. Il commence \u00e0 se voir, \u00e0 s\u2019entendre, \u00e0 se sentir.<\/strong><\/p>\n<p data-start=\"763\" data-end=\"961\">Le <strong data-start=\"766\" data-end=\"781\">5 septembre<\/strong>, nous l\u00e8verons le voile sur le premier grand secret : la <strong data-start=\"839\" data-end=\"869\">plaquette du Carnaval 2027<\/strong>. Un petit morceau de mati\u00e8re\u2013 mais surtout le premier signe visible que la saison red\u00e9marre.<\/p>\n<p data-start=\"963\" data-end=\"1147\">Puis tout s\u2019acc\u00e9l\u00e8re. Les constructeurs de chars pr\u00e9parent leurs projets, les cliques r\u00e9p\u00e8tent, les tissus se d\u00e9coupent et les masques prennent forme. <strong data-start=\"1113\" data-end=\"1147\">Les id\u00e9es deviennent Carnaval.<\/strong><\/p>\n<p data-start=\"1149\" data-end=\"1329\"><strong data-start=\"1149\" data-end=\"1177\">Et puis arrive le 11.11.<\/strong> \u00c0 11 h 11, le Carnaval de Bienne se r\u00e9veille pour de bon. Les premiers sons r\u00e9sonnent dans la ville \u2013 et ce petit frisson si particulier est de retour.<\/p>\n<p data-start=\"1331\" data-end=\"1386\">\u00c0 partir de l\u00e0, une seule direction : <strong data-start=\"1369\" data-end=\"1386\">f\u00e9vrier 2027.\u00a0<\/strong>D\u2019ici l\u00e0, il faudra des bras, du c\u0153ur et beaucoup d\u2019\u00e9nergie. Car le Carnaval ne se fait pas tout seul. <strong>A<\/strong> <strong data-start=\"1491\" data-end=\"1532\">nous tous de le faire vivre!<\/strong><\/p>\n<p>Cordialement,<\/p>\n<p>Andreas Philipp<br \/>\nOberfou, Guilde du Carnaval de Bienne<\/p>\n<\/div><\/section>\n\n<\/div><\/section><br \/>\n\n<style type=\"text\/css\" data-created_by=\"avia_inline_auto\" id=\"style-css-av-m8mr91ek-fa42a0b6f33193b7ea8bf7fd132dccb0\">\n#top .hr.hr-invisible.av-m8mr91ek-fa42a0b6f33193b7ea8bf7fd132dccb0{\nheight:50px;\n}\n<\/style>\n<div  class='hr av-m8mr91ek-fa42a0b6f33193b7ea8bf7fd132dccb0 hr-invisible  avia-builder-el-24  el_after_av_textblock  el_before_av_textblock '><span class='hr-inner '><span class=\"hr-inner-style\"><\/span><\/span><\/div><br \/>\n<section  class='av_textblock_section av-m88vlksw-9cb5dfe2dd710e14119445004b21a53f '   itemscope=\"itemscope\" itemtype=\"https:\/\/schema.org\/CreativeWork\" ><div class='avia_textblock'  itemprop=\"text\" ><p><a href=\"\/fr\/galerie-2026\/\"><img loading=\"lazy\" decoding=\"async\" class=\"alignnone wp-image-23541 size-full\" src=\"https:\/\/faschingszunft.ch\/wp-content\/uploads\/2026\/05\/galerie-teaser-2026.webp\" alt=\"\" width=\"1500\" height=\"478\" srcset=\"https:\/\/faschingszunft.ch\/wp-content\/uploads\/2026\/05\/galerie-teaser-2026.webp 1500w, https:\/\/faschingszunft.ch\/wp-content\/uploads\/2026\/05\/galerie-teaser-2026-300x96.webp 300w, https:\/\/faschingszunft.ch\/wp-content\/uploads\/2026\/05\/galerie-teaser-2026-1030x328.webp 1030w, https:\/\/faschingszunft.ch\/wp-content\/uploads\/2026\/05\/galerie-teaser-2026-768x245.webp 768w, https:\/\/faschingszunft.ch\/wp-content\/uploads\/2026\/05\/galerie-teaser-2026-705x225.webp 705w, https:\/\/faschingszunft.ch\/wp-content\/uploads\/2026\/05\/galerie-teaser-2026-450x143.webp 450w, https:\/\/faschingszunft.ch\/wp-content\/uploads\/2026\/05\/galerie-teaser-2026-600x191.webp 600w\" sizes=\"auto, (max-width: 1500px) 100vw, 1500px\" \/><\/a><\/p>\n<\/div><\/section><br \/>\n\n<style type=\"text\/css\" data-created_by=\"avia_inline_auto\" id=\"style-css-av-1bq2zmy-866211658bb4150be9f510b3c30ee241\">\n#top .hr.av-1bq2zmy-866211658bb4150be9f510b3c30ee241{\nmargin-top:30px;\nmargin-bottom:30px;\n}\n.hr.av-1bq2zmy-866211658bb4150be9f510b3c30ee241 .hr-inner{\nwidth:100%;\n}\n<\/style>\n<div  class='hr av-1bq2zmy-866211658bb4150be9f510b3c30ee241 hr-custom  avia-builder-el-26  el_after_av_textblock  el_before_av_textblock  av-desktop-hide av-medium-hide hr-center hr-icon-no'><span class='hr-inner inner-border-av-border-fat'><span class=\"hr-inner-style\"><\/span><\/span><\/div><br \/>\n\n<style type=\"text\/css\" data-created_by=\"avia_inline_auto\" id=\"style-css-av-lxiy4izr-36c7a1ceb5a6b9aff920cfdebe0c2bb3\">\n#top .av_textblock_section.av-lxiy4izr-36c7a1ceb5a6b9aff920cfdebe0c2bb3 .avia_textblock{\ncolor:#e2001a;\n}\n<\/style>\n<section  class='av_textblock_section av-lxiy4izr-36c7a1ceb5a6b9aff920cfdebe0c2bb3 '   itemscope=\"itemscope\" itemtype=\"https:\/\/schema.org\/CreativeWork\" ><div class='av-desktop-hide av-medium-hide avia_textblock av_inherit_color'  itemprop=\"text\" ><h3>Sponsors<\/h3>\n<\/div><\/section><br \/>\n<section  class='av_textblock_section av-lxioyzy6-508670d56173b5081df261f2e1955c2d '   itemscope=\"itemscope\" itemtype=\"https:\/\/schema.org\/CreativeWork\" ><div class='av-desktop-hide av-medium-hide avia_textblock'  itemprop=\"text\" ><p><a href=\"\/sponsoren\/\" target=\"_blank\" rel=\"noopener\"><img loading=\"lazy\" decoding=\"async\" class=\"alignnone wp-image-20140 size-full\" src=\"https:\/\/faschingszunft.ch\/wp-content\/uploads\/2024\/09\/sponsoren-5-1zeiler-scaled.webp\" alt=\"\" width=\"2560\" height=\"280\" srcset=\"https:\/\/faschingszunft.ch\/wp-content\/uploads\/2024\/09\/sponsoren-5-1zeiler-scaled.webp 2560w, https:\/\/faschingszunft.ch\/wp-content\/uploads\/2024\/09\/sponsoren-5-1zeiler-300x33.webp 300w, https:\/\/faschingszunft.ch\/wp-content\/uploads\/2024\/09\/sponsoren-5-1zeiler-1030x113.webp 1030w, https:\/\/faschingszunft.ch\/wp-content\/uploads\/2024\/09\/sponsoren-5-1zeiler-768x84.webp 768w, https:\/\/faschingszunft.ch\/wp-content\/uploads\/2024\/09\/sponsoren-5-1zeiler-1536x168.webp 1536w, https:\/\/faschingszunft.ch\/wp-content\/uploads\/2024\/09\/sponsoren-5-1zeiler-2048x224.webp 2048w, https:\/\/faschingszunft.ch\/wp-content\/uploads\/2024\/09\/sponsoren-5-1zeiler-1500x164.webp 1500w, https:\/\/faschingszunft.ch\/wp-content\/uploads\/2024\/09\/sponsoren-5-1zeiler-705x77.webp 705w, https:\/\/faschingszunft.ch\/wp-content\/uploads\/2024\/09\/sponsoren-5-1zeiler-450x49.webp 450w, https:\/\/faschingszunft.ch\/wp-content\/uploads\/2024\/09\/sponsoren-5-1zeiler-600x66.webp 600w\" sizes=\"auto, (max-width: 2560px) 100vw, 2560px\" \/><\/a><\/p>\n<div style=\"margin-top: 40px; margin-bottom: 30px;\">\n<hr \/>\n<\/div>\n<\/div><\/section><br \/>\n\n<style type=\"text\/css\" data-created_by=\"avia_inline_auto\" id=\"style-css-av-m34tnu-e6b7e80d03eccdae4989f03fd09b4445\">\n#top .hr.av-m34tnu-e6b7e80d03eccdae4989f03fd09b4445{\nmargin-top:30px;\nmargin-bottom:30px;\n}\n.hr.av-m34tnu-e6b7e80d03eccdae4989f03fd09b4445 .hr-inner{\nwidth:100%;\n}\n<\/style>\n<div  class='hr av-m34tnu-e6b7e80d03eccdae4989f03fd09b4445 hr-custom  avia-builder-el-29  el_after_av_textblock  avia-builder-el-last  av-desktop-hide av-medium-hide hr-center hr-icon-no'><span class='hr-inner inner-border-av-border-fat'><span class=\"hr-inner-style\"><\/span><\/span><\/div><\/p><\/div>\n<style type=\"text\/css\" data-created_by=\"avia_inline_auto\" id=\"style-css-av-epqdi-7-646d4122e590b8e85ac31c9c62302762\">\n.flex_column.av-epqdi-7-646d4122e590b8e85ac31c9c62302762{\nborder-radius:0px 0px 0px 0px;\npadding:0px 0px 0px 0px;\n}\n<\/style>\n<div  class='flex_column av-epqdi-7-646d4122e590b8e85ac31c9c62302762 av_one_fourth  avia-builder-el-30  el_after_av_one_half  avia-builder-el-last  flex_column_div av-zero-column-padding  '     ><p><div  id=\"frontnewsrechts\"  data-slideshow-options=\"{&quot;animation&quot;:&quot;fade&quot;,&quot;autoplay&quot;:false,&quot;loop_autoplay&quot;:&quot;once&quot;,&quot;interval&quot;:5,&quot;loop_manual&quot;:&quot;manual-endless&quot;,&quot;autoplay_stopper&quot;:false,&quot;noNavigation&quot;:false,&quot;show_slide_delay&quot;:90}\" class='avia-content-slider avia-content-grid-active avia-content-slider1 avia-content-slider-odd  avia-builder-el-31  el_before_av_hr  avia-builder-el-first  av-slideshow-ui av-control-default   av-no-slider-navigation av-slideshow-manual av-loop-once av-loop-manual-endless '  itemscope=\"itemscope\" itemtype=\"https:\/\/schema.org\/Blog\" ><div class=\"avia-content-slider-inner\"><div class=\"slide-entry-wrap\"><article class='slide-entry flex_column  post-entry post-entry-22222 slide-entry-overview slide-loop-1 slide-parity-odd  av_fullwidth first real-thumbnail posttype-post post-format-standard'  itemscope=\"itemscope\" itemtype=\"https:\/\/schema.org\/CreativeWork\" ><a href='https:\/\/faschingszunft.ch\/fr\/11-11-a-bienne-coup-denvoi-du-carnaval-2027-guilde-du-carnaval-de-bienne\/' data-rel='slide-1' class='slide-image' title='11.11.2026, 11h11'><img decoding=\"async\" fetchpriority=\"high\" width=\"1030\" height=\"548\" src=\"https:\/\/faschingszunft.ch\/wp-content\/uploads\/2025\/10\/11-11-26-header-1030x548.jpeg\" class=\"wp-image-23839 avia-img-lazy-loading-not-23839 attachment-large size-large wp-post-image\" alt=\"\" srcset=\"https:\/\/faschingszunft.ch\/wp-content\/uploads\/2025\/10\/11-11-26-header-1030x548.jpeg 1030w, https:\/\/faschingszunft.ch\/wp-content\/uploads\/2025\/10\/11-11-26-header-300x160.jpeg 300w, https:\/\/faschingszunft.ch\/wp-content\/uploads\/2025\/10\/11-11-26-header-768x409.jpeg 768w, https:\/\/faschingszunft.ch\/wp-content\/uploads\/2025\/10\/11-11-26-header-1536x818.jpeg 1536w, https:\/\/faschingszunft.ch\/wp-content\/uploads\/2025\/10\/11-11-26-header-1500x798.jpeg 1500w, https:\/\/faschingszunft.ch\/wp-content\/uploads\/2025\/10\/11-11-26-header-705x375.jpeg 705w, https:\/\/faschingszunft.ch\/wp-content\/uploads\/2025\/10\/11-11-26-header-450x240.jpeg 450w, https:\/\/faschingszunft.ch\/wp-content\/uploads\/2025\/10\/11-11-26-header-600x319.jpeg 600w, https:\/\/faschingszunft.ch\/wp-content\/uploads\/2025\/10\/11-11-26-header.jpeg 1967w\" sizes=\"(max-width: 1030px) 100vw, 1030px\" \/><\/a><div class=\"slide-content\"><header class=\"entry-content-header\" aria-label=\"Slide: 11.11.2026, 11h11\"><h3 class='slide-entry-title entry-title '  itemprop=\"headline\" ><a href='https:\/\/faschingszunft.ch\/fr\/11-11-a-bienne-coup-denvoi-du-carnaval-2027-guilde-du-carnaval-de-bienne\/' title='11.11.2026, 11h11'>11.11.2026, 11h11<\/a><\/h3><span class=\"blog-categories minor-meta\"><a href=\"https:\/\/faschingszunft.ch\/category\/news\/\" rel=\"tag\">News<\/a> <\/span><span class=\"av-vertical-delimiter\"><\/span><\/header><div class='slide-entry-excerpt entry-content'  itemprop=\"text\" ><div class=\"read-more-link\"><a href=\"https:\/\/faschingszunft.ch\/fr\/11-11-a-bienne-coup-denvoi-du-carnaval-2027-guilde-du-carnaval-de-bienne\/\" class=\"more-link\">Lire la suite<span class='more-link-arrow avia-svg-icon avia-font-svg_entypo-fontello' data-av_svg_icon='right-open-big' data-av_iconset='svg_entypo-fontello'><svg version=\"1.1\" xmlns=\"http:\/\/www.w3.org\/2000\/svg\" width=\"15\" height=\"32\" viewBox=\"0 0 15 32\" preserveAspectRatio=\"xMidYMid meet\" role=\"graphics-symbol\" aria-hidden=\"true\">\n<path d=\"M0.416 27.84l11.456-11.84-11.456-11.904q-0.832-0.832 0-1.536 0.832-0.832 1.536 0l12.544 12.608q0.768 0.832 0 1.6l-12.544 12.608q-0.704 0.832-1.536 0-0.832-0.704 0-1.536z\"><\/path>\n<\/svg><\/span><\/a><\/div><\/div><\/div><footer class=\"entry-footer\"><div class=\"slide-meta\"><time class='slide-meta-time updated'  itemprop=\"datePublished\" datetime=\"2026-08-10T20:45:56+02:00\" >10 ao\u00fbt 2026<\/time><\/div><\/footer><span class='hidden'>\n\t\t\t\t<span class='av-structured-data'  itemprop=\"image\" itemscope=\"itemscope\" itemtype=\"https:\/\/schema.org\/ImageObject\" >\n\t\t\t\t\t\t<span itemprop='url'>https:\/\/faschingszunft.ch\/wp-content\/uploads\/2025\/10\/11-11-26-header.jpeg<\/span>\n\t\t\t\t\t\t<span itemprop='height'>1047<\/span>\n\t\t\t\t\t\t<span itemprop='width'>1967<\/span>\n\t\t\t\t<\/span>\n\t\t\t\t<span class='av-structured-data'  itemprop=\"publisher\" itemtype=\"https:\/\/schema.org\/Organization\" itemscope=\"itemscope\" >\n\t\t\t\t\t\t<span itemprop='name'>Martin Scheidegger<\/span>\n\t\t\t\t\t\t<span itemprop='logo' itemscope itemtype='https:\/\/schema.org\/ImageObject'>\n\t\t\t\t\t\t\t<span itemprop='url'>https:\/\/faschingszunft.ch\/wp-content\/uploads\/2024\/06\/logo-1-300x138.png<\/span>\n\t\t\t\t\t\t<\/span>\n\t\t\t\t<\/span><span class='av-structured-data'  itemprop=\"author\" itemscope=\"itemscope\" itemtype=\"https:\/\/schema.org\/Person\" ><span itemprop='name'>Martin Scheidegger<\/span><\/span><span class='av-structured-data'  itemprop=\"datePublished\" datetime=\"2024-06-25T15:04:20+02:00\" >2026-08-10 20:45:56<\/span><span class='av-structured-data'  itemprop=\"dateModified\" itemtype=\"https:\/\/schema.org\/dateModified\" >2026-08-16 12:46:00<\/span><span class='av-structured-data'  itemprop=\"mainEntityOfPage\" itemtype=\"https:\/\/schema.org\/mainEntityOfPage\" ><span itemprop='name'>11.11.2026, 11h11<\/span><\/span><\/span><\/article><\/div><div class=\"slide-entry-wrap\"><article class='slide-entry flex_column  post-entry post-entry-21915 slide-entry-overview slide-loop-2 slide-parity-odd  av_fullwidth first real-thumbnail posttype-post post-format-standard'  itemscope=\"itemscope\" itemtype=\"https:\/\/schema.org\/CreativeWork\" ><a href='https:\/\/faschingszunft.ch\/fr\/vernissage-2027\/' data-rel='slide-1' class='slide-image' title='Vernissage de la plaquette 2027'><img decoding=\"async\" fetchpriority=\"high\" width=\"1030\" height=\"548\" src=\"https:\/\/faschingszunft.ch\/wp-content\/uploads\/2025\/07\/Vernissage_Save_the_Date-1030x548.jpeg\" class=\"wp-image-23806 avia-img-lazy-loading-not-23806 attachment-large size-large wp-post-image\" alt=\"\" srcset=\"https:\/\/faschingszunft.ch\/wp-content\/uploads\/2025\/07\/Vernissage_Save_the_Date-1030x548.jpeg 1030w, https:\/\/faschingszunft.ch\/wp-content\/uploads\/2025\/07\/Vernissage_Save_the_Date-300x160.jpeg 300w, https:\/\/faschingszunft.ch\/wp-content\/uploads\/2025\/07\/Vernissage_Save_the_Date-768x409.jpeg 768w, https:\/\/faschingszunft.ch\/wp-content\/uploads\/2025\/07\/Vernissage_Save_the_Date-1536x818.jpeg 1536w, https:\/\/faschingszunft.ch\/wp-content\/uploads\/2025\/07\/Vernissage_Save_the_Date-1500x798.jpeg 1500w, https:\/\/faschingszunft.ch\/wp-content\/uploads\/2025\/07\/Vernissage_Save_the_Date-705x375.jpeg 705w, https:\/\/faschingszunft.ch\/wp-content\/uploads\/2025\/07\/Vernissage_Save_the_Date-450x240.jpeg 450w, https:\/\/faschingszunft.ch\/wp-content\/uploads\/2025\/07\/Vernissage_Save_the_Date-600x319.jpeg 600w, https:\/\/faschingszunft.ch\/wp-content\/uploads\/2025\/07\/Vernissage_Save_the_Date.jpeg 1967w\" sizes=\"(max-width: 1030px) 100vw, 1030px\" \/><\/a><div class=\"slide-content\"><header class=\"entry-content-header\" aria-label=\"Slide: Vernissage de la plaquette 2027\"><h3 class='slide-entry-title entry-title '  itemprop=\"headline\" ><a href='https:\/\/faschingszunft.ch\/fr\/vernissage-2027\/' title='Vernissage de la plaquette 2027'>Vernissage de la plaquette 2027<\/a><\/h3><span class=\"blog-categories minor-meta\"><a href=\"https:\/\/faschingszunft.ch\/category\/news\/\" rel=\"tag\">News<\/a> <\/span><span class=\"av-vertical-delimiter\"><\/span><\/header><div class='slide-entry-excerpt entry-content'  itemprop=\"text\" ><div class=\"read-more-link\"><a href=\"https:\/\/faschingszunft.ch\/fr\/vernissage-2027\/\" class=\"more-link\">Lire la suite<span class='more-link-arrow avia-svg-icon avia-font-svg_entypo-fontello' data-av_svg_icon='right-open-big' data-av_iconset='svg_entypo-fontello'><svg version=\"1.1\" xmlns=\"http:\/\/www.w3.org\/2000\/svg\" width=\"15\" height=\"32\" viewBox=\"0 0 15 32\" preserveAspectRatio=\"xMidYMid meet\" role=\"graphics-symbol\" aria-hidden=\"true\">\n<path d=\"M0.416 27.84l11.456-11.84-11.456-11.904q-0.832-0.832 0-1.536 0.832-0.832 1.536 0l12.544 12.608q0.768 0.832 0 1.6l-12.544 12.608q-0.704 0.832-1.536 0-0.832-0.704 0-1.536z\"><\/path>\n<\/svg><\/span><\/a><\/div><\/div><\/div><footer class=\"entry-footer\"><div class=\"slide-meta\"><time class='slide-meta-time updated'  itemprop=\"datePublished\" datetime=\"2026-08-10T11:37:57+02:00\" >10 ao\u00fbt 2026<\/time><\/div><\/footer><span class='hidden'>\n\t\t\t\t<span class='av-structured-data'  itemprop=\"image\" itemscope=\"itemscope\" itemtype=\"https:\/\/schema.org\/ImageObject\" >\n\t\t\t\t\t\t<span itemprop='url'>https:\/\/faschingszunft.ch\/wp-content\/uploads\/2025\/07\/Vernissage_Save_the_Date.jpeg<\/span>\n\t\t\t\t\t\t<span itemprop='height'>1047<\/span>\n\t\t\t\t\t\t<span itemprop='width'>1967<\/span>\n\t\t\t\t<\/span>\n\t\t\t\t<span class='av-structured-data'  itemprop=\"publisher\" itemtype=\"https:\/\/schema.org\/Organization\" itemscope=\"itemscope\" >\n\t\t\t\t\t\t<span itemprop='name'>Martin Scheidegger<\/span>\n\t\t\t\t\t\t<span itemprop='logo' itemscope itemtype='https:\/\/schema.org\/ImageObject'>\n\t\t\t\t\t\t\t<span itemprop='url'>https:\/\/faschingszunft.ch\/wp-content\/uploads\/2024\/06\/logo-1-300x138.png<\/span>\n\t\t\t\t\t\t<\/span>\n\t\t\t\t<\/span><span class='av-structured-data'  itemprop=\"author\" itemscope=\"itemscope\" itemtype=\"https:\/\/schema.org\/Person\" ><span itemprop='name'>Martin Scheidegger<\/span><\/span><span class='av-structured-data'  itemprop=\"datePublished\" datetime=\"2024-06-25T15:04:20+02:00\" >2026-08-10 11:37:57<\/span><span class='av-structured-data'  itemprop=\"dateModified\" itemtype=\"https:\/\/schema.org\/dateModified\" >2026-08-11 15:24:04<\/span><span class='av-structured-data'  itemprop=\"mainEntityOfPage\" itemtype=\"https:\/\/schema.org\/mainEntityOfPage\" ><span itemprop='name'>Vernissage de la plaquette 2027<\/span><\/span><\/span><\/article><\/div><div class=\"slide-entry-wrap\"><article class='slide-entry flex_column  post-entry post-entry-22417 slide-entry-overview slide-loop-3 slide-parity-odd  post-entry-last  av_fullwidth first real-thumbnail posttype-post post-format-standard'  itemscope=\"itemscope\" itemtype=\"https:\/\/schema.org\/CreativeWork\" ><a href='https:\/\/faschingszunft.ch\/fr\/prince-carnaval-2026\/' data-rel='slide-1' class='slide-image' title='Prince Carnaval 2026'><img decoding=\"async\" fetchpriority=\"high\" width=\"1030\" height=\"454\" src=\"https:\/\/faschingszunft.ch\/wp-content\/uploads\/2025\/10\/prinz-platzhalter2026-1030x454.jpg\" class=\"wp-image-22407 avia-img-lazy-loading-not-22407 attachment-large size-large wp-post-image\" alt=\"\" srcset=\"https:\/\/faschingszunft.ch\/wp-content\/uploads\/2025\/10\/prinz-platzhalter2026-1030x454.jpg 1030w, https:\/\/faschingszunft.ch\/wp-content\/uploads\/2025\/10\/prinz-platzhalter2026-300x132.jpg 300w, https:\/\/faschingszunft.ch\/wp-content\/uploads\/2025\/10\/prinz-platzhalter2026-768x339.jpg 768w, https:\/\/faschingszunft.ch\/wp-content\/uploads\/2025\/10\/prinz-platzhalter2026-705x311.jpg 705w, https:\/\/faschingszunft.ch\/wp-content\/uploads\/2025\/10\/prinz-platzhalter2026-450x198.jpg 450w, https:\/\/faschingszunft.ch\/wp-content\/uploads\/2025\/10\/prinz-platzhalter2026-600x265.jpg 600w, https:\/\/faschingszunft.ch\/wp-content\/uploads\/2025\/10\/prinz-platzhalter2026.jpg 1200w\" sizes=\"(max-width: 1030px) 100vw, 1030px\" \/><\/a><div class=\"slide-content\"><header class=\"entry-content-header\" aria-label=\"Slide: Prince Carnaval 2026\"><h3 class='slide-entry-title entry-title '  itemprop=\"headline\" ><a href='https:\/\/faschingszunft.ch\/fr\/prince-carnaval-2026\/' title='Prince Carnaval 2026'>Prince Carnaval 2026<\/a><\/h3><span class=\"blog-categories minor-meta\"><a href=\"https:\/\/faschingszunft.ch\/category\/news\/\" rel=\"tag\">News<\/a> <\/span><span class=\"av-vertical-delimiter\"><\/span><\/header><div class='slide-entry-excerpt entry-content'  itemprop=\"text\" ><div class=\"read-more-link\"><a href=\"https:\/\/faschingszunft.ch\/fr\/prince-carnaval-2026\/\" class=\"more-link\">Lire la suite<span class='more-link-arrow avia-svg-icon avia-font-svg_entypo-fontello' data-av_svg_icon='right-open-big' data-av_iconset='svg_entypo-fontello'><svg version=\"1.1\" xmlns=\"http:\/\/www.w3.org\/2000\/svg\" width=\"15\" height=\"32\" viewBox=\"0 0 15 32\" preserveAspectRatio=\"xMidYMid meet\" role=\"graphics-symbol\" aria-hidden=\"true\">\n<path d=\"M0.416 27.84l11.456-11.84-11.456-11.904q-0.832-0.832 0-1.536 0.832-0.832 1.536 0l12.544 12.608q0.768 0.832 0 1.6l-12.544 12.608q-0.704 0.832-1.536 0-0.832-0.704 0-1.536z\"><\/path>\n<\/svg><\/span><\/a><\/div><\/div><\/div><footer class=\"entry-footer\"><div class=\"slide-meta\"><time class='slide-meta-time updated'  itemprop=\"datePublished\" datetime=\"2025-11-01T07:57:49+01:00\" >1 novembre 2025<\/time><\/div><\/footer><span class='hidden'>\n\t\t\t\t<span class='av-structured-data'  itemprop=\"image\" itemscope=\"itemscope\" itemtype=\"https:\/\/schema.org\/ImageObject\" >\n\t\t\t\t\t\t<span itemprop='url'>https:\/\/faschingszunft.ch\/wp-content\/uploads\/2025\/10\/prinz-platzhalter2026.jpg<\/span>\n\t\t\t\t\t\t<span itemprop='height'>529<\/span>\n\t\t\t\t\t\t<span itemprop='width'>1200<\/span>\n\t\t\t\t<\/span>\n\t\t\t\t<span class='av-structured-data'  itemprop=\"publisher\" itemtype=\"https:\/\/schema.org\/Organization\" itemscope=\"itemscope\" >\n\t\t\t\t\t\t<span itemprop='name'>Martin Scheidegger<\/span>\n\t\t\t\t\t\t<span itemprop='logo' itemscope itemtype='https:\/\/schema.org\/ImageObject'>\n\t\t\t\t\t\t\t<span itemprop='url'>https:\/\/faschingszunft.ch\/wp-content\/uploads\/2024\/06\/logo-1-300x138.png<\/span>\n\t\t\t\t\t\t<\/span>\n\t\t\t\t<\/span><span class='av-structured-data'  itemprop=\"author\" itemscope=\"itemscope\" itemtype=\"https:\/\/schema.org\/Person\" ><span itemprop='name'>Martin Scheidegger<\/span><\/span><span class='av-structured-data'  itemprop=\"datePublished\" datetime=\"2024-06-25T15:04:20+02:00\" >2025-11-01 07:57:49<\/span><span class='av-structured-data'  itemprop=\"dateModified\" itemtype=\"https:\/\/schema.org\/dateModified\" >2026-07-24 17:45:27<\/span><span class='av-structured-data'  itemprop=\"mainEntityOfPage\" itemtype=\"https:\/\/schema.org\/mainEntityOfPage\" ><span itemprop='name'>Prince Carnaval 2026<\/span><\/span><\/span><\/article><\/div><\/div><\/div><br \/>\n\n<style type=\"text\/css\" data-created_by=\"avia_inline_auto\" id=\"style-css-av-mp1kq2-2206cad5dcd78ce64df4c8b4d3b6717a\">\n#top .hr.av-mp1kq2-2206cad5dcd78ce64df4c8b4d3b6717a{\nmargin-top:30px;\nmargin-bottom:30px;\n}\n.hr.av-mp1kq2-2206cad5dcd78ce64df4c8b4d3b6717a .hr-inner{\nwidth:100%;\n}\n<\/style>\n<div  class='hr av-mp1kq2-2206cad5dcd78ce64df4c8b4d3b6717a hr-custom  avia-builder-el-32  el_after_av_blog  el_before_av_textblock  hr-center hr-icon-no'><span class='hr-inner inner-border-av-border-fat'><span class=\"hr-inner-style\"><\/span><\/span><\/div><br \/>\n<section  class='av_textblock_section av-nj63xm-c00706ac8cebc71f3503b3e3a9b357c0 '   itemscope=\"itemscope\" itemtype=\"https:\/\/schema.org\/CreativeWork\" ><div class='av-desktop-hide av-medium-hide avia_textblock'  itemprop=\"text\" ><div class=\"bc_random_banner\" data-id=\"2\" data-url=\"https:\/\/faschingszunft.ch\/wp-admin\/admin-ajax.php?action=bc_rb_ads_click&#038;nonce=2fbc46ce0c\"><a target=\"_blank\" href=\"https:\/\/www.mcdonalds.com\/ch\/de-ch\/mccafe.html?gclid=CjwKCAiA5sieBhBnEiwAR9oh2oJqB1J5xYpKbiPC7HCDBTIxBaduPor53fLVtP0ZwqaSjEocmK4VGRoCdrEQAvD_BwE\" title=\"McDonalds\"><img decoding=\"async\" style=width:500px; height:200px src=\"https:\/\/faschingszunft.ch\/wp-content\/uploads\/2023\/01\/mcdonalds-500x200-1.jpg?v=866382\"  title=\"McDonalds\"\/><\/a><\/div>\n<\/div><\/section><br \/>\n<section  class='av_textblock_section av-ldd8nip0-d578bb52aad6023f14fb67e4792d5240 '   itemscope=\"itemscope\" itemtype=\"https:\/\/schema.org\/CreativeWork\" ><div class='av-small-hide av-mini-hide avia_textblock'  itemprop=\"text\" ><div class=\"bc_random_banner\" data-id=\"1\" data-url=\"https:\/\/faschingszunft.ch\/wp-admin\/admin-ajax.php?action=bc_rb_ads_click&#038;nonce=2fbc46ce0c\"><a target=\"_blank\" href=\"https:\/\/www.calderari-ag.ch\/\" title=\"calderari\"><img decoding=\"async\" style=width:500px; height:200px src=\"https:\/\/faschingszunft.ch\/wp-content\/uploads\/2023\/01\/calderari.jpg?v=218442\"  title=\"calderari\"\/><\/a><\/div>\n<\/div><\/section><\/p><\/div><\/p>\n<\/div><\/div><\/div><div id='av-layout-grid-3'  class='av-layout-grid-container av-lxixuotc-9c9bae5a836c877ae564354d7e2b793c entry-content-wrapper main_color av-flex-cells  avia-builder-el-35  el_after_av_layout_row  avia-builder-el-last  grid-row-not-first av-small-hide av-mini-hide container_wrap fullsize'  >\n<div class='flex_cell av-3b0z3e-a1776a944fbc20209cab1ed60a0d106d av-gridrow-cell av_one_full no_margin  avia-builder-el-36  avia-builder-el-no-sibling '  ><div class='flex_cell_inner'><div id='av-masonry-2' class='av-masonry av-lxixhl3w-a507931ec0bc679be3231a6dc5bcd7a8 noHover av-fixed-size av-large-gap av-hover-overlay-active av-masonry-animation-active av-masonry-col-4 av-caption-always av-caption-style-overlay av-masonry-entries ' data-post_id=\"19985\"><div class=\"av-masonry-container isotope av-js-disabled\"><div class='av-masonry-entry isotope-item av-masonry-item-no-image all_sort carnaval_sort '><\/div><a href=\"https:\/\/faschingszunft.ch\/fr\/portfolio-item\/charivari-et-cortege-de-nuit\/\"  id='av-masonry-2-item-10676' data-av-masonry-item='10676' class='av-masonry-entry isotope-item post-10676 portfolio type-portfolio status-publish has-post-thumbnail hentry portfolio_entries-carnaval all_sort carnaval_sort  av-masonry-item-with-image' title=\"Charivari et cort\u00e8ge de nuit\"   itemscope=\"itemscope\" itemtype=\"https:\/\/schema.org\/CreativeWork\" ><div class='av-inner-masonry-sizer'><\/div><figure class='av-inner-masonry main_color'><div class=\"av-masonry-outerimage-container\"><div class='av-masonry-image-container' style=\"background-image: url(https:\/\/faschingszunft.ch\/wp-content\/uploads\/2020\/05\/Fasnachteroeffnung6-705x470.jpg);\"  title=\"Charivari et cort\u00e8ge de nuit\" ><\/div><\/div><figcaption class='av-inner-masonry-content site-background'><div class='av-inner-masonry-content-pos'><div class='av-inner-masonry-content-pos-content'><div class='avia-arrow'><\/div><h3 class='av-masonry-entry-title entry-title '  itemprop=\"headline\" >Charivari et cort\u00e8ge de nuit<\/h3><\/div><\/div><\/figcaption><\/figure><\/a><!--end av-masonry entry--><a href=\"https:\/\/faschingszunft.ch\/fr\/portfolio-item\/carnaval-des-enfants-et-carnaval-de-rue\/\"  id='av-masonry-2-item-10658' data-av-masonry-item='10658' class='av-masonry-entry isotope-item post-10658 portfolio type-portfolio status-publish has-post-thumbnail hentry portfolio_entries-carnaval all_sort carnaval_sort  av-masonry-item-with-image' title=\"Carnaval des enfants et carnaval de rue\"   itemscope=\"itemscope\" itemtype=\"https:\/\/schema.org\/CreativeWork\" ><div class='av-inner-masonry-sizer'><\/div><figure class='av-inner-masonry main_color'><div class=\"av-masonry-outerimage-container\"><div class='av-masonry-image-container' style=\"background-image: url(https:\/\/faschingszunft.ch\/wp-content\/uploads\/2018\/07\/QX7A5367-705x470.jpg);\"  title=\"Carnaval des enfants et carnaval de rue\" ><\/div><\/div><figcaption class='av-inner-masonry-content site-background'><div class='av-inner-masonry-content-pos'><div class='av-inner-masonry-content-pos-content'><div class='avia-arrow'><\/div><h3 class='av-masonry-entry-title entry-title '  itemprop=\"headline\" >Carnaval des enfants et Carnaval de rue<\/h3><\/div><\/div><\/figcaption><\/figure><\/a><!--end av-masonry entry--><a href=\"https:\/\/faschingszunft.ch\/fr\/portfolio-item\/plaquettes\/\"  id='av-masonry-2-item-12397' data-av-masonry-item='12397' class='av-masonry-entry isotope-item post-12397 portfolio type-portfolio status-publish has-post-thumbnail hentry portfolio_entries-carnaval all_sort carnaval_sort  av-masonry-item-with-image' title=\"Plaquettes\"   itemscope=\"itemscope\" itemtype=\"https:\/\/schema.org\/CreativeWork\" ><div class='av-inner-masonry-sizer'><\/div><figure class='av-inner-masonry main_color'><div class=\"av-masonry-outerimage-container\"><div class='av-masonry-image-container' style=\"background-image: url(https:\/\/faschingszunft.ch\/wp-content\/uploads\/2020\/06\/Plaketten2-705x470.jpg);\"  title=\"Plaquettes\" ><\/div><\/div><figcaption class='av-inner-masonry-content site-background'><div class='av-inner-masonry-content-pos'><div class='av-inner-masonry-content-pos-content'><div class='avia-arrow'><\/div><h3 class='av-masonry-entry-title entry-title '  itemprop=\"headline\" >Plaquettes<\/h3><\/div><\/div><\/figcaption><\/figure><\/a><!--end av-masonry entry--><a href=\"https:\/\/faschingszunft.ch\/fr\/portfolio-item\/cortege-du-dimanche\/\"  id='av-masonry-2-item-10661' data-av-masonry-item='10661' class='av-masonry-entry isotope-item post-10661 portfolio type-portfolio status-publish has-post-thumbnail hentry portfolio_entries-carnaval all_sort carnaval_sort  av-masonry-item-with-image' title=\"Cort\u00e8ge et Carnaval-Party\"   itemscope=\"itemscope\" itemtype=\"https:\/\/schema.org\/CreativeWork\" ><div class='av-inner-masonry-sizer'><\/div><figure class='av-inner-masonry main_color'><div class=\"av-masonry-outerimage-container\"><div class='av-masonry-image-container' style=\"background-image: url(https:\/\/faschingszunft.ch\/wp-content\/uploads\/2018\/07\/QX7A6306-705x470.jpg);\"  title=\"Cort\u00e8ge et Carnaval-Party\" ><\/div><\/div><figcaption class='av-inner-masonry-content site-background'><div class='av-inner-masonry-content-pos'><div class='av-inner-masonry-content-pos-content'><div class='avia-arrow'><\/div><h3 class='av-masonry-entry-title entry-title '  itemprop=\"headline\" >Cort\u00e8ge du dimanche<\/h3><\/div><\/div><\/figcaption><\/figure><\/a><!--end av-masonry entry--><\/div><\/div>\n<\/div><\/div>\n<\/div><\/p>\n","protected":false},"excerpt":{"rendered":"","protected":false},"author":20,"featured_media":0,"parent":0,"menu_order":0,"comment_status":"open","ping_status":"closed","template":"","meta":{"footnotes":""},"class_list":["post-19985","page","type-page","status-publish","hentry"],"yoast_head":"<!-- This site is optimized with the Yoast SEO plugin v28.4 - https:\/\/yoast.com\/product\/yoast-seo-wordpress\/ -->\n<title>Home - Guilde du Carnaval Bienne<\/title>\n<meta name=\"robots\" content=\"index, follow, max-snippet:-1, max-image-preview:large, max-video-preview:-1\" \/>\n<link rel=\"canonical\" href=\"https:\/\/faschingszunft.ch\/fr\/\" \/>\n<meta property=\"og:locale\" content=\"fr_FR\" \/>\n<meta property=\"og:type\" content=\"article\" \/>\n<meta property=\"og:title\" content=\"Home - Guilde du Carnaval Bienne\" \/>\n<meta property=\"og:url\" content=\"https:\/\/faschingszunft.ch\/fr\/\" \/>\n<meta property=\"og:site_name\" content=\"Guilde du Carnaval Bienne\" \/>\n<meta property=\"article:publisher\" content=\"https:\/\/www.facebook.com\/Faschingszunft\" \/>\n<meta property=\"article:modified_time\" content=\"2026-08-06T05:45:48+00:00\" \/>\n<meta property=\"og:image\" content=\"https:\/\/faschingszunft.ch\/wp-content\/uploads\/2026\/07\/sponsoren-widget_27.webp\" \/>\n<meta name=\"twitter:card\" content=\"summary_large_image\" \/>\n<meta name=\"twitter:label1\" content=\"Dur\u00e9e de lecture estim\u00e9e\" \/>\n\t<meta name=\"twitter:data1\" content=\"7 minutes\" \/>\n<script type=\"application\/ld+json\" class=\"yoast-schema-graph\">{\"@context\":\"https:\\\/\\\/schema.org\",\"@graph\":[{\"@type\":\"WebPage\",\"@id\":\"https:\\\/\\\/faschingszunft.ch\\\/fr\\\/\",\"url\":\"https:\\\/\\\/faschingszunft.ch\\\/fr\\\/\",\"name\":\"Home - Guilde du Carnaval Bienne\",\"isPartOf\":{\"@id\":\"https:\\\/\\\/faschingszunft.ch\\\/fr\\\/#website\"},\"primaryImageOfPage\":{\"@id\":\"https:\\\/\\\/faschingszunft.ch\\\/fr\\\/#primaryimage\"},\"image\":{\"@id\":\"https:\\\/\\\/faschingszunft.ch\\\/fr\\\/#primaryimage\"},\"thumbnailUrl\":\"https:\\\/\\\/faschingszunft.ch\\\/wp-content\\\/uploads\\\/2026\\\/07\\\/sponsoren-widget_27.webp\",\"datePublished\":\"2024-06-25T13:04:20+00:00\",\"dateModified\":\"2026-08-06T05:45:48+00:00\",\"breadcrumb\":{\"@id\":\"https:\\\/\\\/faschingszunft.ch\\\/fr\\\/#breadcrumb\"},\"inLanguage\":\"fr-FR\",\"potentialAction\":[{\"@type\":\"ReadAction\",\"target\":[\"https:\\\/\\\/faschingszunft.ch\\\/fr\\\/\"]}]},{\"@type\":\"ImageObject\",\"inLanguage\":\"fr-FR\",\"@id\":\"https:\\\/\\\/faschingszunft.ch\\\/fr\\\/#primaryimage\",\"url\":\"https:\\\/\\\/faschingszunft.ch\\\/wp-content\\\/uploads\\\/2026\\\/07\\\/sponsoren-widget_27.webp\",\"contentUrl\":\"https:\\\/\\\/faschingszunft.ch\\\/wp-content\\\/uploads\\\/2026\\\/07\\\/sponsoren-widget_27.webp\"},{\"@type\":\"BreadcrumbList\",\"@id\":\"https:\\\/\\\/faschingszunft.ch\\\/fr\\\/#breadcrumb\",\"itemListElement\":[{\"@type\":\"ListItem\",\"position\":1,\"name\":\"Startseite\",\"item\":\"https:\\\/\\\/faschingszunft.ch\\\/fr\\\/home\\\/\"},{\"@type\":\"ListItem\",\"position\":2,\"name\":\"Home\"}]},{\"@type\":\"WebSite\",\"@id\":\"https:\\\/\\\/faschingszunft.ch\\\/fr\\\/#website\",\"url\":\"https:\\\/\\\/faschingszunft.ch\\\/fr\\\/\",\"name\":\"Guilde du Carnaval Bienne\",\"description\":\"DIE Seel\u00e4nder Fasnacht\",\"publisher\":{\"@id\":\"https:\\\/\\\/faschingszunft.ch\\\/fr\\\/#organization\"},\"potentialAction\":[{\"@type\":\"SearchAction\",\"target\":{\"@type\":\"EntryPoint\",\"urlTemplate\":\"https:\\\/\\\/faschingszunft.ch\\\/fr\\\/?s={search_term_string}\"},\"query-input\":{\"@type\":\"PropertyValueSpecification\",\"valueRequired\":true,\"valueName\":\"search_term_string\"}}],\"inLanguage\":\"fr-FR\"},{\"@type\":\"Organization\",\"@id\":\"https:\\\/\\\/faschingszunft.ch\\\/fr\\\/#organization\",\"name\":\"Guilde du Carnaval Bienne\",\"url\":\"https:\\\/\\\/faschingszunft.ch\\\/fr\\\/\",\"logo\":{\"@type\":\"ImageObject\",\"inLanguage\":\"fr-FR\",\"@id\":\"https:\\\/\\\/faschingszunft.ch\\\/fr\\\/#\\\/schema\\\/logo\\\/image\\\/\",\"url\":\"https:\\\/\\\/faschingszunft.ch\\\/wp-content\\\/uploads\\\/2022\\\/02\\\/logo-512x512-1.png\",\"contentUrl\":\"https:\\\/\\\/faschingszunft.ch\\\/wp-content\\\/uploads\\\/2022\\\/02\\\/logo-512x512-1.png\",\"width\":512,\"height\":512,\"caption\":\"Guilde du Carnaval Bienne\"},\"image\":{\"@id\":\"https:\\\/\\\/faschingszunft.ch\\\/fr\\\/#\\\/schema\\\/logo\\\/image\\\/\"},\"sameAs\":[\"https:\\\/\\\/www.facebook.com\\\/Faschingszunft\",\"https:\\\/\\\/www.instagram.com\\\/faschingszunft_biel\\\/\"]}]}<\/script>\n<!-- \/ Yoast SEO plugin. -->","yoast_head_json":{"title":"Home - Guilde du Carnaval Bienne","robots":{"index":"index","follow":"follow","max-snippet":"max-snippet:-1","max-image-preview":"max-image-preview:large","max-video-preview":"max-video-preview:-1"},"canonical":"https:\/\/faschingszunft.ch\/fr\/","og_locale":"fr_FR","og_type":"article","og_title":"Home - Guilde du Carnaval Bienne","og_url":"https:\/\/faschingszunft.ch\/fr\/","og_site_name":"Guilde du Carnaval Bienne","article_publisher":"https:\/\/www.facebook.com\/Faschingszunft","article_modified_time":"2026-08-06T05:45:48+00:00","og_image":[{"url":"https:\/\/faschingszunft.ch\/wp-content\/uploads\/2026\/07\/sponsoren-widget_27.webp","type":"","width":"","height":""}],"twitter_card":"summary_large_image","twitter_misc":{"Dur\u00e9e de lecture estim\u00e9e":"7 minutes"},"schema":{"@context":"https:\/\/schema.org","@graph":[{"@type":"WebPage","@id":"https:\/\/faschingszunft.ch\/fr\/","url":"https:\/\/faschingszunft.ch\/fr\/","name":"Home - Guilde du Carnaval Bienne","isPartOf":{"@id":"https:\/\/faschingszunft.ch\/fr\/#website"},"primaryImageOfPage":{"@id":"https:\/\/faschingszunft.ch\/fr\/#primaryimage"},"image":{"@id":"https:\/\/faschingszunft.ch\/fr\/#primaryimage"},"thumbnailUrl":"https:\/\/faschingszunft.ch\/wp-content\/uploads\/2026\/07\/sponsoren-widget_27.webp","datePublished":"2024-06-25T13:04:20+00:00","dateModified":"2026-08-06T05:45:48+00:00","breadcrumb":{"@id":"https:\/\/faschingszunft.ch\/fr\/#breadcrumb"},"inLanguage":"fr-FR","potentialAction":[{"@type":"ReadAction","target":["https:\/\/faschingszunft.ch\/fr\/"]}]},{"@type":"ImageObject","inLanguage":"fr-FR","@id":"https:\/\/faschingszunft.ch\/fr\/#primaryimage","url":"https:\/\/faschingszunft.ch\/wp-content\/uploads\/2026\/07\/sponsoren-widget_27.webp","contentUrl":"https:\/\/faschingszunft.ch\/wp-content\/uploads\/2026\/07\/sponsoren-widget_27.webp"},{"@type":"BreadcrumbList","@id":"https:\/\/faschingszunft.ch\/fr\/#breadcrumb","itemListElement":[{"@type":"ListItem","position":1,"name":"Startseite","item":"https:\/\/faschingszunft.ch\/fr\/home\/"},{"@type":"ListItem","position":2,"name":"Home"}]},{"@type":"WebSite","@id":"https:\/\/faschingszunft.ch\/fr\/#website","url":"https:\/\/faschingszunft.ch\/fr\/","name":"Guilde du Carnaval Bienne","description":"DIE Seel\u00e4nder Fasnacht","publisher":{"@id":"https:\/\/faschingszunft.ch\/fr\/#organization"},"potentialAction":[{"@type":"SearchAction","target":{"@type":"EntryPoint","urlTemplate":"https:\/\/faschingszunft.ch\/fr\/?s={search_term_string}"},"query-input":{"@type":"PropertyValueSpecification","valueRequired":true,"valueName":"search_term_string"}}],"inLanguage":"fr-FR"},{"@type":"Organization","@id":"https:\/\/faschingszunft.ch\/fr\/#organization","name":"Guilde du Carnaval Bienne","url":"https:\/\/faschingszunft.ch\/fr\/","logo":{"@type":"ImageObject","inLanguage":"fr-FR","@id":"https:\/\/faschingszunft.ch\/fr\/#\/schema\/logo\/image\/","url":"https:\/\/faschingszunft.ch\/wp-content\/uploads\/2022\/02\/logo-512x512-1.png","contentUrl":"https:\/\/faschingszunft.ch\/wp-content\/uploads\/2022\/02\/logo-512x512-1.png","width":512,"height":512,"caption":"Guilde du Carnaval Bienne"},"image":{"@id":"https:\/\/faschingszunft.ch\/fr\/#\/schema\/logo\/image\/"},"sameAs":["https:\/\/www.facebook.com\/Faschingszunft","https:\/\/www.instagram.com\/faschingszunft_biel\/"]}]}},"publishpress_future_workflow_manual_trigger":{"enabledWorkflows":[]},"_links":{"self":[{"href":"https:\/\/faschingszunft.ch\/fr\/wp-json\/wp\/v2\/pages\/19985","targetHints":{"allow":["GET"]}}],"collection":[{"href":"https:\/\/faschingszunft.ch\/fr\/wp-json\/wp\/v2\/pages"}],"about":[{"href":"https:\/\/faschingszunft.ch\/fr\/wp-json\/wp\/v2\/types\/page"}],"author":[{"embeddable":true,"href":"https:\/\/faschingszunft.ch\/fr\/wp-json\/wp\/v2\/users\/20"}],"replies":[{"embeddable":true,"href":"https:\/\/faschingszunft.ch\/fr\/wp-json\/wp\/v2\/comments?post=19985"}],"version-history":[{"count":60,"href":"https:\/\/faschingszunft.ch\/fr\/wp-json\/wp\/v2\/pages\/19985\/revisions"}],"predecessor-version":[{"id":23745,"href":"https:\/\/faschingszunft.ch\/fr\/wp-json\/wp\/v2\/pages\/19985\/revisions\/23745"}],"wp:attachment":[{"href":"https:\/\/faschingszunft.ch\/fr\/wp-json\/wp\/v2\/media?parent=19985"}],"curies":[{"name":"wp","href":"https:\/\/api.w.org\/{rel}","templated":true}]}}