{"id":19752,"date":"2024-06-10T08:02:43","date_gmt":"2024-06-10T06:02:43","guid":{"rendered":"https:\/\/faschingszunft.ch\/?post_type=portfolio&#038;p=19752"},"modified":"2026-08-05T17:27:29","modified_gmt":"2026-08-05T15:27:29","slug":"pour-prives","status":"publish","type":"portfolio","link":"https:\/\/faschingszunft.ch\/fr\/portfolio-item\/pour-prives\/","title":{"rendered":"Inscription pour Carnaval 2027 (pour priv\u00e9s)"},"content":{"rendered":"<div  class='flex_column av-1pkcmvt-40b6f9024a5028249238fe66147d65a0 av_four_fifth  avia-builder-el-0  el_before_av_one_fifth  avia-builder-el-first  first flex_column_div  '     ><style type=\"text\/css\" data-created_by=\"avia_inline_auto\" id=\"style-css-av-16cixy1-4b6ebcfd6262c13651dcb84d2ccf8fde\">\n.avia-image-container.av-16cixy1-4b6ebcfd6262c13651dcb84d2ccf8fde img.avia_image{\nbox-shadow:none;\n}\n.avia-image-container.av-16cixy1-4b6ebcfd6262c13651dcb84d2ccf8fde .av-image-caption-overlay-center{\ncolor:#ffffff;\n}\n<\/style>\n<div  class='avia-image-container av-16cixy1-4b6ebcfd6262c13651dcb84d2ccf8fde av-styling- avia-align-center  avia-builder-el-1  avia-builder-el-no-sibling '   itemprop=\"image\" itemscope=\"itemscope\" itemtype=\"https:\/\/schema.org\/ImageObject\" ><div class=\"avia-image-container-inner\"><div class=\"avia-image-overlay-wrap\"><img decoding=\"async\" fetchpriority=\"high\" class='wp-image-23717 avia-img-lazy-loading-not-23717 avia_image ' src=\"https:\/\/faschingszunft.ch\/wp-content\/uploads\/2024\/06\/Site_01-1-scaled.jpg\" alt='' title='Site 01'  height=\"1707\" width=\"2560\"  itemprop=\"thumbnailUrl\" srcset=\"https:\/\/faschingszunft.ch\/wp-content\/uploads\/2024\/06\/Site_01-1-scaled.jpg 2560w, https:\/\/faschingszunft.ch\/wp-content\/uploads\/2024\/06\/Site_01-1-300x200.jpg 300w, https:\/\/faschingszunft.ch\/wp-content\/uploads\/2024\/06\/Site_01-1-1030x687.jpg 1030w, https:\/\/faschingszunft.ch\/wp-content\/uploads\/2024\/06\/Site_01-1-768x512.jpg 768w, https:\/\/faschingszunft.ch\/wp-content\/uploads\/2024\/06\/Site_01-1-1536x1024.jpg 1536w, https:\/\/faschingszunft.ch\/wp-content\/uploads\/2024\/06\/Site_01-1-2048x1365.jpg 2048w, https:\/\/faschingszunft.ch\/wp-content\/uploads\/2024\/06\/Site_01-1-1500x1000.jpg 1500w, https:\/\/faschingszunft.ch\/wp-content\/uploads\/2024\/06\/Site_01-1-705x470.jpg 705w, https:\/\/faschingszunft.ch\/wp-content\/uploads\/2024\/06\/Site_01-1-450x300.jpg 450w, https:\/\/faschingszunft.ch\/wp-content\/uploads\/2024\/06\/Site_01-1-600x400.jpg 600w\" sizes=\"(max-width: 2560px) 100vw, 2560px\" \/><\/div><\/div><\/div><\/div><div  class='flex_column av-wjvwc9-f10453fcc8d7dfbdf6f373900eefe4b5 av_one_fifth  avia-builder-el-2  el_after_av_four_fifth  el_before_av_four_fifth  flex_column_div  '     ><div  id=\"avia-magazine-1\"  class='av-magazine av-los7evb1-8d10a1306273e6510e1448ea8c926513  avia-builder-el-3  avia-builder-el-no-sibling   avia-builder-el-3  avia-builder-el-no-sibling ' ><div class='av-magazine-group sort_all'><article class='av-magazine-entry av-magazine-entry-id-10661 av-magazine-format-standard av-magazine-type-portfolio av-magazine-entry-1 av-magazine-entry-small av-magazine-no-thumb'  itemscope=\"itemscope\" itemtype=\"https:\/\/schema.org\/CreativeWork\" ><div class=\"av-magazine-content-wrap\"><header class=\"entry-content-header\" aria-label=\"Articles : Cort\u00e8ge du dimanche\"><time class='av-magazine-time updated'  itemprop=\"datePublished\" datetime=\"2026-08-05T15:37:18+02:00\" >5 ao\u00fbt 2026<\/time><h3 class='av-magazine-title entry-title '  itemprop=\"headline\" ><a href='https:\/\/faschingszunft.ch\/fr\/portfolio-item\/cortege-du-dimanche\/' title='Lier vers : Cort\u00e8ge du dimanche'>Cort\u00e8ge du dimanche<\/a><\/h3><\/header><\/div><footer class=\"entry-footer\"><\/footer><\/article><article class='av-magazine-entry av-magazine-entry-id-12397 av-magazine-format-standard av-magazine-type-portfolio av-magazine-entry-2 av-magazine-entry-small av-magazine-no-thumb'  itemscope=\"itemscope\" itemtype=\"https:\/\/schema.org\/CreativeWork\" ><div class=\"av-magazine-content-wrap\"><header class=\"entry-content-header\" aria-label=\"Articles : Plaquettes\"><time class='av-magazine-time updated'  itemprop=\"datePublished\" datetime=\"2021-03-01T10:05:30+01:00\" >1 mars 2021<\/time><h3 class='av-magazine-title entry-title '  itemprop=\"headline\" ><a href='https:\/\/faschingszunft.ch\/fr\/portfolio-item\/plaquettes\/' title='Lier vers : Plaquettes'>Plaquettes<\/a><\/h3><\/header><\/div><footer class=\"entry-footer\"><\/footer><\/article><article class='av-magazine-entry av-magazine-entry-id-10658 av-magazine-format-standard av-magazine-type-portfolio av-magazine-entry-3 av-magazine-entry-small av-magazine-no-thumb'  itemscope=\"itemscope\" itemtype=\"https:\/\/schema.org\/CreativeWork\" ><div class=\"av-magazine-content-wrap\"><header class=\"entry-content-header\" aria-label=\"Articles : Carnaval des enfants et Carnaval de rue\"><time class='av-magazine-time updated'  itemprop=\"datePublished\" datetime=\"2020-05-25T15:04:05+02:00\" >25 mai 2020<\/time><h3 class='av-magazine-title entry-title '  itemprop=\"headline\" ><a href='https:\/\/faschingszunft.ch\/fr\/portfolio-item\/carnaval-des-enfants-et-carnaval-de-rue\/' title='Lier vers : Carnaval des enfants et Carnaval de rue'>Carnaval des enfants et Carnaval de rue<\/a><\/h3><\/header><\/div><footer class=\"entry-footer\"><\/footer><\/article><article class='av-magazine-entry av-magazine-entry-id-10676 av-magazine-format-standard av-magazine-type-portfolio av-magazine-entry-4 av-magazine-entry-small av-magazine-no-thumb'  itemscope=\"itemscope\" itemtype=\"https:\/\/schema.org\/CreativeWork\" ><div class=\"av-magazine-content-wrap\"><header class=\"entry-content-header\" aria-label=\"Articles : Charivari et cort\u00e8ge de nuit\"><time class='av-magazine-time updated'  itemprop=\"datePublished\" datetime=\"2020-05-25T13:28:54+02:00\" >25 mai 2020<\/time><h3 class='av-magazine-title entry-title '  itemprop=\"headline\" ><a href='https:\/\/faschingszunft.ch\/fr\/portfolio-item\/charivari-et-cortege-de-nuit\/' title='Lier vers : Charivari et cort\u00e8ge de nuit'>Charivari et cort\u00e8ge de nuit<\/a><\/h3><\/header><\/div><footer class=\"entry-footer\"><\/footer><\/article><\/div><\/div><\/div><\/p>\n<div  class='flex_column av-i8rnqx-6d4cfabce16e181a72b1b1308cec798b av_four_fifth  avia-builder-el-4  el_after_av_one_fifth  avia-builder-el-last  first flex_column_div  column-top-margin'     ><p>\n<style type=\"text\/css\" data-created_by=\"avia_inline_auto\" id=\"style-css-av-los7pk8e-9a085585ffe529c82aa3fb1ac25d3a37\">\n#top .av-special-heading.av-los7pk8e-9a085585ffe529c82aa3fb1ac25d3a37{\npadding-bottom:10px;\n}\nbody .av-special-heading.av-los7pk8e-9a085585ffe529c82aa3fb1ac25d3a37 .av-special-heading-tag .heading-char{\nfont-size:25px;\n}\n.av-special-heading.av-los7pk8e-9a085585ffe529c82aa3fb1ac25d3a37 .av-subheading{\nfont-size:15px;\n}\n<\/style>\n<div  class='av-special-heading av-los7pk8e-9a085585ffe529c82aa3fb1ac25d3a37 av-special-heading-h1 blockquote modern-quote  avia-builder-el-5  el_before_av_hr  avia-builder-el-first '><h1 class='av-special-heading-tag '  itemprop=\"headline\"  >Inscriptions pour Carnaval 2027 (pour priv\u00e9s)<\/h1><div class=\"special-heading-border\"><div class=\"special-heading-inner-border\"><\/div><\/div><\/div><br \/>\n<div  class='hr av-4okhbzt-b5f3ba3d63aae746853e7ca9d3bd651a hr-default  avia-builder-el-6  el_after_av_heading  el_before_av_textblock '><span class='hr-inner '><span class=\"hr-inner-style\"><\/span><\/span><\/div><br \/>\n<section  class='av_textblock_section av-los7s2sz-7e0665a68e209e4d0c443739c9132a4b '   itemscope=\"itemscope\" itemtype=\"https:\/\/schema.org\/CreativeWork\" ><div class='avia_textblock'  itemprop=\"text\" ><p>Le Carnaval de Bienne est une f\u00eate riche en traditions et pleine de joie qui attire des milliers de visiteurs chaque ann\u00e9e. Faites partie de cet \u00e9v\u00e9nement unique et contribuez-y par votre pr\u00e9sence\u00a0!<\/p>\n<p>Les pr\u00e9paratifs pour le Carnaval 2027 battent leur plein. Voici les possibilit\u00e9s de participation pour personnes individuelles, duos ou groupes d\u00e8s 3 personnes, non-membres de soci\u00e9t\u00e9s carnavalesques (les soci\u00e9t\u00e9s peuvent s\u2019inscrire ici)<\/p>\n<p><strong>Participation aux cort\u00e8ges du vendredi soir, samedi, dimanche pour personnes priv\u00e9s<\/strong><\/p>\n<p><strong>Dates et horaires des cort\u00e8ges\u00a0:<\/strong><\/p>\n<ul>\n<li>Vendredi <strong>12 f\u00e9vrier 2027<\/strong> : Cort\u00e8ge de nuit \u00e0 partir de 20h30<\/li>\n<li>Samedi <strong>13 f\u00e9vrier 2027<\/strong> : Cort\u00e8ge des enfants \u00e0 partir de 14h00<\/li>\n<li>Dimanche <strong>14 f\u00e9vrier 2027<\/strong> : Grand cort\u00e8ge \u00e0 partir de 14h00<\/li>\n<\/ul>\n<p><strong>Conditions pour la participation aux cort\u00e8ges officiels pour priv\u00e9s :<\/strong><\/p>\n<ul>\n<li>D\u00e9guisements et masques sont obligatoires. Pr\u00e9sentez vos id\u00e9es les plus cr\u00e9atives !<\/li>\n<li>Pour le cort\u00e8ge de nuit, l&rsquo;\u00e9clairage des costumes et\/ou des masques est obligatoire.<\/li>\n<li>Nous attachons une grande importance au respect et \u00e0 la tol\u00e9rance envers tous les participants et spectateurs. Veuillez noter que les comportements ou d\u00e9guisements racistes, discriminatoires ou autrement offensants ne seront pas accept\u00e9s. Le respect est essentiel au Carnaval !<\/li>\n<\/ul>\n<\/div><\/section><br \/>\n\n<style type=\"text\/css\" data-created_by=\"avia_inline_auto\" id=\"style-css-av-lvgfu2vu-9f522342dc568630f77eb024dd0608ab\">\n#top .hr.hr-invisible.av-lvgfu2vu-9f522342dc568630f77eb024dd0608ab{\nheight:50px;\n}\n<\/style>\n<div  class='hr av-lvgfu2vu-9f522342dc568630f77eb024dd0608ab hr-invisible  avia-builder-el-8  el_after_av_textblock  el_before_av_textblock '><span class='hr-inner '><span class=\"hr-inner-style\"><\/span><\/span><\/div><br \/>\n<section  class='av_textblock_section av-lvf5gck2-f42f1b2eca3afd922dc8ae6aad22c964 '   itemscope=\"itemscope\" itemtype=\"https:\/\/schema.org\/CreativeWork\" ><div class='avia_textblock'  itemprop=\"text\" >\n<div class=\"wpcf7 no-js\" id=\"wpcf7-f19757-o1\" lang=\"de-DE\" dir=\"ltr\" data-wpcf7-id=\"19757\">\n<div class=\"screen-reader-response\"><p role=\"status\" aria-live=\"polite\" aria-atomic=\"true\"><\/p> <ul><\/ul><\/div>\n<form action=\"\/fr\/wp-json\/wp\/v2\/portfolio\/19752#wpcf7-f19757-o1\" method=\"post\" class=\"wpcf7-form init\" aria-label=\"Kontaktformular\" novalidate=\"novalidate\" data-status=\"init\">\n<fieldset class=\"hidden-fields-container\"><input type=\"hidden\" name=\"_wpcf7\" value=\"19757\" \/><input type=\"hidden\" name=\"_wpcf7_version\" value=\"6.1.7\" \/><input type=\"hidden\" name=\"_wpcf7_locale\" value=\"de_DE\" \/><input type=\"hidden\" name=\"_wpcf7_unit_tag\" value=\"wpcf7-f19757-o1\" \/><input type=\"hidden\" name=\"_wpcf7_container_post\" value=\"0\" \/><input type=\"hidden\" name=\"_wpcf7_posted_data_hash\" value=\"\" \/><input type=\"hidden\" name=\"_wpcf7cf_hidden_group_fields\" value=\"[]\" \/><input type=\"hidden\" name=\"_wpcf7cf_hidden_groups\" value=\"[]\" \/><input type=\"hidden\" name=\"_wpcf7cf_visible_groups\" value=\"[]\" \/><input type=\"hidden\" name=\"_wpcf7cf_repeaters\" value=\"[]\" \/><input type=\"hidden\" name=\"_wpcf7cf_steps\" value=\"{}\" \/><input type=\"hidden\" name=\"_wpcf7cf_options\" value=\"{&quot;form_id&quot;:19757,&quot;conditions&quot;:[],&quot;settings&quot;:{&quot;animation&quot;:&quot;yes&quot;,&quot;animation_intime&quot;:200,&quot;animation_outtime&quot;:200,&quot;conditions_ui&quot;:&quot;normal&quot;,&quot;notice_dismissed&quot;:false,&quot;repeater_remove_button&quot;:&quot;bottom&quot;,&quot;notice_dismissed_rollback-cf7-5.9.4&quot;:true,&quot;notice_dismissed_rollback-cf7-5.9.6&quot;:true,&quot;notice_dismissed_rollback-cf7-5.9.7&quot;:true}}\" \/><input type=\"hidden\" name=\"_wpcf7_recaptcha_response\" value=\"\" \/>\n<\/fieldset>\n<div style=\"padding:10px;border:3px solid #f5f5f5\">\n\t<h3>Inscription pour le\/les cort\u00e8ges du Carnaval 2027 pour personnes priv\u00e9es\n\t<\/h3>\n\t<h5>Date butoir: 30 novembre 2026\n\t<\/h5>\n\t<p><label>Merci de s\u00e9lectionner votre cat\u00e9gorie :<\/label><br \/>\n<span class=\"wpcf7-form-control-wrap\" data-name=\"kategorie\"><span class=\"wpcf7-form-control wpcf7-radio\"><span class=\"wpcf7-list-item first\"><label><input type=\"radio\" name=\"kategorie\" value=\"Masque individuel\" \/><span class=\"wpcf7-list-item-label\">Masque individuel<\/span><\/label><\/span><span class=\"wpcf7-list-item\"><label><input type=\"radio\" name=\"kategorie\" value=\"Duo\" \/><span class=\"wpcf7-list-item-label\">Duo<\/span><\/label><\/span><span class=\"wpcf7-list-item last\"><label><input type=\"radio\" name=\"kategorie\" value=\"Groupe (d\u00e8s 3 personnes)\" \/><span class=\"wpcf7-list-item-label\">Groupe (d\u00e8s 3 personnes)<\/span><\/label><\/span><\/span><\/span>\n\t<\/p>\n\t<p><label>Cort\u00e8ge\/s (plusieurs participations possibles :<\/label><br \/>\n<span class=\"wpcf7-form-control-wrap\" data-name=\"freitag\"><span class=\"wpcf7-form-control wpcf7-checkbox\"><span class=\"wpcf7-list-item first last\"><label><input type=\"checkbox\" name=\"freitag[]\" value=\"Vendredi (cort\u00e8ge de nuit, 20h30)\" \/><span class=\"wpcf7-list-item-label\">Vendredi (cort\u00e8ge de nuit, 20h30)<\/span><\/label><\/span><\/span><\/span><br \/>\n<span class=\"wpcf7-form-control-wrap\" data-name=\"samstag\"><span class=\"wpcf7-form-control wpcf7-checkbox\"><span class=\"wpcf7-list-item first last\"><label><input type=\"checkbox\" name=\"samstag[]\" value=\"Samedi (cort\u00e8ge des enfants, 14h00)\" \/><span class=\"wpcf7-list-item-label\">Samedi (cort\u00e8ge des enfants, 14h00)<\/span><\/label><\/span><\/span><\/span><br \/>\n<span class=\"wpcf7-form-control-wrap\" data-name=\"sonntag\"><span class=\"wpcf7-form-control wpcf7-checkbox\"><span class=\"wpcf7-list-item first last\"><label><input type=\"checkbox\" name=\"sonntag[]\" value=\"Dimanche (grand cort\u00e8ge, 14h00)\" \/><span class=\"wpcf7-list-item-label\">Dimanche (grand cort\u00e8ge, 14h00)<\/span><\/label><\/span><\/span><\/span>\n\t<\/p>\n\t<div class=\"wps-form-row\">\n\t\t<div class=\"wps-form-column\">\n\t\t\t<p><label>Nombre d\u2018adultes<br \/>\n<span class=\"wpcf7-form-control-wrap\" data-name=\"anzahl-erwachsene\"><input class=\"wpcf7-form-control wpcf7-number wpcf7-validates-as-number\" aria-invalid=\"false\" value=\"\" type=\"number\" name=\"anzahl-erwachsene\" \/><\/span> <\/label>\n\t\t\t<\/p>\n\t\t<\/div>\n\t\t<div class=\"wps-form-column\">\n\t\t\t<p><label>Nombre d\u2018enfants<br \/>\n<span class=\"wpcf7-form-control-wrap\" data-name=\"anzahl-kinder\"><input class=\"wpcf7-form-control wpcf7-number wpcf7-validates-as-number\" aria-invalid=\"false\" value=\"\" type=\"number\" name=\"anzahl-kinder\" \/><\/span><\/label>\n\t\t\t<\/p>\n\t\t<\/div>\n\t<\/div>\n\t<p><label>Sujet<br \/>\n<span class=\"wpcf7-form-control-wrap\" data-name=\"sujet\"><input size=\"40\" maxlength=\"400\" class=\"wpcf7-form-control wpcf7-text wpcf7-validates-as-required\" aria-required=\"true\" aria-invalid=\"false\" value=\"\" type=\"text\" name=\"sujet\" \/><\/span> <\/label>\n\t<\/p>\n\t<h4>Commande des confettis\n\t<\/h4>\n\t<p><strong>1 sac (10 kg) = CHF 25.-<\/strong>\n\t<\/p>\n\t<p>Les couleurs suivantes peuvent \u00eatre command\u00e9es :<br \/>\nNoir, vert, jaune, bleu, violet, rouge-pink, blanc, mauve, orange, multicouleur<br \/>\n<label>Nous commandons contre facture (par exemple: 10x mauve, 2x blanc) :<\/label><br \/>\n<span class=\"wpcf7-form-control-wrap\" data-name=\"konfettibestellung\"><textarea cols=\"40\" rows=\"2\" maxlength=\"2000\" class=\"wpcf7-form-control wpcf7-textarea\" aria-invalid=\"false\" name=\"konfettibestellung\"><\/textarea><\/span>\n\t<\/p>\n\t<p>Distribution des confettis : La date sera communiqu\u00e9e ult\u00e9rieurement.\n\t<\/p>\n\t<div style=\"height:35px\">\n\t<\/div>\n\t<h4>Personne de contact\n\t<\/h4>\n\t<p><label>Nom<br \/>\n<span class=\"wpcf7-form-control-wrap\" data-name=\"nachname\"><input size=\"40\" maxlength=\"400\" class=\"wpcf7-form-control wpcf7-text wpcf7-validates-as-required\" autocomplete=\"nachname\" aria-required=\"true\" aria-invalid=\"false\" value=\"\" type=\"text\" name=\"nachname\" \/><\/span> <\/label>\n\t<\/p>\n\t<p><label>Pr\u00e9nom<br \/>\n<span class=\"wpcf7-form-control-wrap\" data-name=\"vorname\"><input size=\"40\" maxlength=\"400\" class=\"wpcf7-form-control wpcf7-text wpcf7-validates-as-required\" autocomplete=\"vorname\" aria-required=\"true\" aria-invalid=\"false\" value=\"\" type=\"text\" name=\"vorname\" \/><\/span> <\/label>\n\t<\/p>\n\t<p><label>Courriel<br \/>\n<span class=\"wpcf7-form-control-wrap\" data-name=\"email\"><input size=\"40\" maxlength=\"400\" class=\"wpcf7-form-control wpcf7-email wpcf7-validates-as-required wpcf7-text wpcf7-validates-as-email\" autocomplete=\"email\" aria-required=\"true\" aria-invalid=\"false\" value=\"\" type=\"email\" name=\"email\" \/><\/span> <\/label>\n\t<\/p>\n\t<p><label>T\u00e9l.\/portable<br \/>\n<span class=\"wpcf7-form-control-wrap\" data-name=\"telefon\"><input size=\"40\" maxlength=\"400\" class=\"wpcf7-form-control wpcf7-text wpcf7-validates-as-required\" autocomplete=\"telefon\" aria-required=\"true\" aria-invalid=\"false\" value=\"\" type=\"text\" name=\"telefon\" \/><\/span> <\/label>\n\t<\/p>\n\t<p><label>Adresse<br \/>\n<span class=\"wpcf7-form-control-wrap\" data-name=\"adresse\"><input size=\"40\" maxlength=\"400\" class=\"wpcf7-form-control wpcf7-text wpcf7-validates-as-required\" aria-required=\"true\" aria-invalid=\"false\" value=\"\" type=\"text\" name=\"adresse\" \/><\/span> <\/label>\n\t<\/p>\n\t<p><label>NPA<br \/>\n<span class=\"wpcf7-form-control-wrap\" data-name=\"npa\"><input size=\"40\" maxlength=\"400\" class=\"wpcf7-form-control wpcf7-text wpcf7-validates-as-required\" aria-required=\"true\" aria-invalid=\"false\" value=\"\" type=\"text\" name=\"npa\" \/><\/span> <\/label>\n\t<\/p>\n\t<p><label>Lieu<br \/>\n<span class=\"wpcf7-form-control-wrap\" data-name=\"lieu\"><input size=\"40\" maxlength=\"400\" class=\"wpcf7-form-control wpcf7-text wpcf7-validates-as-required\" aria-required=\"true\" aria-invalid=\"false\" value=\"\" type=\"text\" name=\"lieu\" \/><\/span> <\/label>\n\t<\/p>\n\t<p><label>Remarques (optional)<br \/>\n<span class=\"wpcf7-form-control-wrap\" data-name=\"mitteilung\"><textarea cols=\"40\" rows=\"10\" maxlength=\"2000\" class=\"wpcf7-form-control wpcf7-textarea\" aria-invalid=\"false\" name=\"mitteilung\"><\/textarea><\/span> <\/label>\n\t<\/p>\n\t<p><input class=\"wpcf7-form-control wpcf7-submit has-spinner\" type=\"submit\" value=\"Envoyer\" \/>\n\t<\/p>\n<\/div><p style=\"display: none !important;\" class=\"akismet-fields-container\" data-prefix=\"_wpcf7_ak_\"><label>&#916;<textarea name=\"_wpcf7_ak_hp_textarea\" cols=\"45\" rows=\"8\" maxlength=\"100\"><\/textarea><\/label><input type=\"hidden\" id=\"ak_js_1\" name=\"_wpcf7_ak_js\" value=\"29\"\/><script>\ndocument.getElementById( \"ak_js_1\" ).setAttribute( \"value\", ( new Date() ).getTime() );\n<\/script>\n<\/p><div class=\"wpcf7-response-output\" aria-hidden=\"true\"><\/div>\n<\/form>\n<\/div>\n\n<\/div><\/section><br \/>\n<section  class='av_textblock_section av-lwrhwnoi-ef06d86193f58c31dc8ad930ac695368 '   itemscope=\"itemscope\" itemtype=\"https:\/\/schema.org\/CreativeWork\" ><div class='avia_textblock'  itemprop=\"text\" ><p>Pour plus d&rsquo;informations, veuillez contacter <a href=\"mailto:kevin.wyss@faschingszunft.ch\">kevin.wyss@faschingszunft.ch<\/a> ou <a href=\"mailto:daniel.micka@faschingszunft.ch\">daniel.micka@faschingszunft.ch<\/a>. Ils se feront un plaisir de r\u00e9pondre \u00e0 vos questions !<\/p>\n<\/div><\/section><\/p><\/div>\n","protected":false},"excerpt":{"rendered":"","protected":false},"author":20,"featured_media":19426,"comment_status":"closed","ping_status":"closed","template":"","meta":{"footnotes":""},"portfolio_entries":[240],"class_list":["post-19752","portfolio","type-portfolio","status-publish","has-post-thumbnail","hentry","portfolio_entries-participer"],"yoast_head":"<!-- This site is optimized with the Yoast SEO plugin v28.4 - https:\/\/yoast.com\/product\/yoast-seo-wordpress\/ -->\n<title>Inscription pour Carnaval 2027 (pour priv\u00e9s) - Guilde du Carnaval Bienne<\/title>\n<meta name=\"robots\" content=\"index, follow, max-snippet:-1, max-image-preview:large, max-video-preview:-1\" \/>\n<link rel=\"canonical\" href=\"https:\/\/faschingszunft.ch\/fr\/portfolio-item\/pour-prives\/\" \/>\n<meta property=\"og:locale\" content=\"fr_FR\" \/>\n<meta property=\"og:type\" content=\"article\" \/>\n<meta property=\"og:title\" content=\"Inscription pour Carnaval 2027 (pour priv\u00e9s) - Guilde du Carnaval Bienne\" \/>\n<meta property=\"og:url\" content=\"https:\/\/faschingszunft.ch\/fr\/portfolio-item\/pour-prives\/\" \/>\n<meta property=\"og:site_name\" content=\"Guilde du Carnaval Bienne\" \/>\n<meta property=\"article:publisher\" content=\"https:\/\/www.facebook.com\/Faschingszunft\" \/>\n<meta property=\"article:modified_time\" content=\"2026-08-05T15:27:29+00:00\" \/>\n<meta property=\"og:image\" content=\"https:\/\/faschingszunft.ch\/wp-content\/uploads\/2024\/02\/RA1A9352.jpg\" \/>\n\t<meta property=\"og:image:width\" content=\"1000\" \/>\n\t<meta property=\"og:image:height\" content=\"667\" \/>\n\t<meta property=\"og:image:type\" content=\"image\/jpeg\" \/>\n<meta name=\"twitter:card\" content=\"summary_large_image\" \/>\n<meta name=\"twitter:label1\" content=\"Dur\u00e9e de lecture estim\u00e9e\" \/>\n\t<meta name=\"twitter:data1\" content=\"3 minutes\" \/>\n<script type=\"application\/ld+json\" class=\"yoast-schema-graph\">{\"@context\":\"https:\\\/\\\/schema.org\",\"@graph\":[{\"@type\":\"WebPage\",\"@id\":\"https:\\\/\\\/faschingszunft.ch\\\/fr\\\/portfolio-item\\\/pour-prives\\\/\",\"url\":\"https:\\\/\\\/faschingszunft.ch\\\/fr\\\/portfolio-item\\\/pour-prives\\\/\",\"name\":\"Inscription pour Carnaval 2027 (pour priv\u00e9s) - Guilde du Carnaval Bienne\",\"isPartOf\":{\"@id\":\"https:\\\/\\\/faschingszunft.ch\\\/fr\\\/#website\"},\"primaryImageOfPage\":{\"@id\":\"https:\\\/\\\/faschingszunft.ch\\\/fr\\\/portfolio-item\\\/pour-prives\\\/#primaryimage\"},\"image\":{\"@id\":\"https:\\\/\\\/faschingszunft.ch\\\/fr\\\/portfolio-item\\\/pour-prives\\\/#primaryimage\"},\"thumbnailUrl\":\"https:\\\/\\\/faschingszunft.ch\\\/wp-content\\\/uploads\\\/2024\\\/02\\\/RA1A9352.jpg\",\"datePublished\":\"2024-06-10T06:02:43+00:00\",\"dateModified\":\"2026-08-05T15:27:29+00:00\",\"breadcrumb\":{\"@id\":\"https:\\\/\\\/faschingszunft.ch\\\/fr\\\/portfolio-item\\\/pour-prives\\\/#breadcrumb\"},\"inLanguage\":\"fr-FR\",\"potentialAction\":[{\"@type\":\"ReadAction\",\"target\":[\"https:\\\/\\\/faschingszunft.ch\\\/fr\\\/portfolio-item\\\/pour-prives\\\/\"]}]},{\"@type\":\"ImageObject\",\"inLanguage\":\"fr-FR\",\"@id\":\"https:\\\/\\\/faschingszunft.ch\\\/fr\\\/portfolio-item\\\/pour-prives\\\/#primaryimage\",\"url\":\"https:\\\/\\\/faschingszunft.ch\\\/wp-content\\\/uploads\\\/2024\\\/02\\\/RA1A9352.jpg\",\"contentUrl\":\"https:\\\/\\\/faschingszunft.ch\\\/wp-content\\\/uploads\\\/2024\\\/02\\\/RA1A9352.jpg\",\"width\":1000,\"height\":667},{\"@type\":\"BreadcrumbList\",\"@id\":\"https:\\\/\\\/faschingszunft.ch\\\/fr\\\/portfolio-item\\\/pour-prives\\\/#breadcrumb\",\"itemListElement\":[{\"@type\":\"ListItem\",\"position\":1,\"name\":\"Startseite\",\"item\":\"https:\\\/\\\/faschingszunft.ch\\\/fr\\\/home\\\/\"},{\"@type\":\"ListItem\",\"position\":2,\"name\":\"Inscription pour Carnaval 2027 (pour priv\u00e9s)\"}]},{\"@type\":\"WebSite\",\"@id\":\"https:\\\/\\\/faschingszunft.ch\\\/fr\\\/#website\",\"url\":\"https:\\\/\\\/faschingszunft.ch\\\/fr\\\/\",\"name\":\"Guilde du Carnaval Bienne\",\"description\":\"DIE Seel\u00e4nder Fasnacht\",\"publisher\":{\"@id\":\"https:\\\/\\\/faschingszunft.ch\\\/fr\\\/#organization\"},\"potentialAction\":[{\"@type\":\"SearchAction\",\"target\":{\"@type\":\"EntryPoint\",\"urlTemplate\":\"https:\\\/\\\/faschingszunft.ch\\\/fr\\\/?s={search_term_string}\"},\"query-input\":{\"@type\":\"PropertyValueSpecification\",\"valueRequired\":true,\"valueName\":\"search_term_string\"}}],\"inLanguage\":\"fr-FR\"},{\"@type\":\"Organization\",\"@id\":\"https:\\\/\\\/faschingszunft.ch\\\/fr\\\/#organization\",\"name\":\"Guilde du Carnaval Bienne\",\"url\":\"https:\\\/\\\/faschingszunft.ch\\\/fr\\\/\",\"logo\":{\"@type\":\"ImageObject\",\"inLanguage\":\"fr-FR\",\"@id\":\"https:\\\/\\\/faschingszunft.ch\\\/fr\\\/#\\\/schema\\\/logo\\\/image\\\/\",\"url\":\"https:\\\/\\\/faschingszunft.ch\\\/wp-content\\\/uploads\\\/2022\\\/02\\\/logo-512x512-1.png\",\"contentUrl\":\"https:\\\/\\\/faschingszunft.ch\\\/wp-content\\\/uploads\\\/2022\\\/02\\\/logo-512x512-1.png\",\"width\":512,\"height\":512,\"caption\":\"Guilde du Carnaval Bienne\"},\"image\":{\"@id\":\"https:\\\/\\\/faschingszunft.ch\\\/fr\\\/#\\\/schema\\\/logo\\\/image\\\/\"},\"sameAs\":[\"https:\\\/\\\/www.facebook.com\\\/Faschingszunft\",\"https:\\\/\\\/www.instagram.com\\\/faschingszunft_biel\\\/\"]}]}<\/script>\n<!-- \/ Yoast SEO plugin. -->","yoast_head_json":{"title":"Inscription pour Carnaval 2027 (pour priv\u00e9s) - Guilde du Carnaval Bienne","robots":{"index":"index","follow":"follow","max-snippet":"max-snippet:-1","max-image-preview":"max-image-preview:large","max-video-preview":"max-video-preview:-1"},"canonical":"https:\/\/faschingszunft.ch\/fr\/portfolio-item\/pour-prives\/","og_locale":"fr_FR","og_type":"article","og_title":"Inscription pour Carnaval 2027 (pour priv\u00e9s) - Guilde du Carnaval Bienne","og_url":"https:\/\/faschingszunft.ch\/fr\/portfolio-item\/pour-prives\/","og_site_name":"Guilde du Carnaval Bienne","article_publisher":"https:\/\/www.facebook.com\/Faschingszunft","article_modified_time":"2026-08-05T15:27:29+00:00","og_image":[{"width":1000,"height":667,"url":"https:\/\/faschingszunft.ch\/wp-content\/uploads\/2024\/02\/RA1A9352.jpg","type":"image\/jpeg"}],"twitter_card":"summary_large_image","twitter_misc":{"Dur\u00e9e de lecture estim\u00e9e":"3 minutes"},"schema":{"@context":"https:\/\/schema.org","@graph":[{"@type":"WebPage","@id":"https:\/\/faschingszunft.ch\/fr\/portfolio-item\/pour-prives\/","url":"https:\/\/faschingszunft.ch\/fr\/portfolio-item\/pour-prives\/","name":"Inscription pour Carnaval 2027 (pour priv\u00e9s) - Guilde du Carnaval Bienne","isPartOf":{"@id":"https:\/\/faschingszunft.ch\/fr\/#website"},"primaryImageOfPage":{"@id":"https:\/\/faschingszunft.ch\/fr\/portfolio-item\/pour-prives\/#primaryimage"},"image":{"@id":"https:\/\/faschingszunft.ch\/fr\/portfolio-item\/pour-prives\/#primaryimage"},"thumbnailUrl":"https:\/\/faschingszunft.ch\/wp-content\/uploads\/2024\/02\/RA1A9352.jpg","datePublished":"2024-06-10T06:02:43+00:00","dateModified":"2026-08-05T15:27:29+00:00","breadcrumb":{"@id":"https:\/\/faschingszunft.ch\/fr\/portfolio-item\/pour-prives\/#breadcrumb"},"inLanguage":"fr-FR","potentialAction":[{"@type":"ReadAction","target":["https:\/\/faschingszunft.ch\/fr\/portfolio-item\/pour-prives\/"]}]},{"@type":"ImageObject","inLanguage":"fr-FR","@id":"https:\/\/faschingszunft.ch\/fr\/portfolio-item\/pour-prives\/#primaryimage","url":"https:\/\/faschingszunft.ch\/wp-content\/uploads\/2024\/02\/RA1A9352.jpg","contentUrl":"https:\/\/faschingszunft.ch\/wp-content\/uploads\/2024\/02\/RA1A9352.jpg","width":1000,"height":667},{"@type":"BreadcrumbList","@id":"https:\/\/faschingszunft.ch\/fr\/portfolio-item\/pour-prives\/#breadcrumb","itemListElement":[{"@type":"ListItem","position":1,"name":"Startseite","item":"https:\/\/faschingszunft.ch\/fr\/home\/"},{"@type":"ListItem","position":2,"name":"Inscription pour Carnaval 2027 (pour priv\u00e9s)"}]},{"@type":"WebSite","@id":"https:\/\/faschingszunft.ch\/fr\/#website","url":"https:\/\/faschingszunft.ch\/fr\/","name":"Guilde du Carnaval Bienne","description":"DIE Seel\u00e4nder Fasnacht","publisher":{"@id":"https:\/\/faschingszunft.ch\/fr\/#organization"},"potentialAction":[{"@type":"SearchAction","target":{"@type":"EntryPoint","urlTemplate":"https:\/\/faschingszunft.ch\/fr\/?s={search_term_string}"},"query-input":{"@type":"PropertyValueSpecification","valueRequired":true,"valueName":"search_term_string"}}],"inLanguage":"fr-FR"},{"@type":"Organization","@id":"https:\/\/faschingszunft.ch\/fr\/#organization","name":"Guilde du Carnaval Bienne","url":"https:\/\/faschingszunft.ch\/fr\/","logo":{"@type":"ImageObject","inLanguage":"fr-FR","@id":"https:\/\/faschingszunft.ch\/fr\/#\/schema\/logo\/image\/","url":"https:\/\/faschingszunft.ch\/wp-content\/uploads\/2022\/02\/logo-512x512-1.png","contentUrl":"https:\/\/faschingszunft.ch\/wp-content\/uploads\/2022\/02\/logo-512x512-1.png","width":512,"height":512,"caption":"Guilde du Carnaval Bienne"},"image":{"@id":"https:\/\/faschingszunft.ch\/fr\/#\/schema\/logo\/image\/"},"sameAs":["https:\/\/www.facebook.com\/Faschingszunft","https:\/\/www.instagram.com\/faschingszunft_biel\/"]}]}},"publishpress_future_workflow_manual_trigger":{"enabledWorkflows":[]},"_links":{"self":[{"href":"https:\/\/faschingszunft.ch\/fr\/wp-json\/wp\/v2\/portfolio\/19752","targetHints":{"allow":["GET"]}}],"collection":[{"href":"https:\/\/faschingszunft.ch\/fr\/wp-json\/wp\/v2\/portfolio"}],"about":[{"href":"https:\/\/faschingszunft.ch\/fr\/wp-json\/wp\/v2\/types\/portfolio"}],"author":[{"embeddable":true,"href":"https:\/\/faschingszunft.ch\/fr\/wp-json\/wp\/v2\/users\/20"}],"replies":[{"embeddable":true,"href":"https:\/\/faschingszunft.ch\/fr\/wp-json\/wp\/v2\/comments?post=19752"}],"version-history":[{"count":17,"href":"https:\/\/faschingszunft.ch\/fr\/wp-json\/wp\/v2\/portfolio\/19752\/revisions"}],"predecessor-version":[{"id":23716,"href":"https:\/\/faschingszunft.ch\/fr\/wp-json\/wp\/v2\/portfolio\/19752\/revisions\/23716"}],"wp:featuredmedia":[{"embeddable":true,"href":"https:\/\/faschingszunft.ch\/fr\/wp-json\/wp\/v2\/media\/19426"}],"wp:attachment":[{"href":"https:\/\/faschingszunft.ch\/fr\/wp-json\/wp\/v2\/media?parent=19752"}],"wp:term":[{"taxonomy":"portfolio_entries","embeddable":true,"href":"https:\/\/faschingszunft.ch\/fr\/wp-json\/wp\/v2\/portfolio_entries?post=19752"}],"curies":[{"name":"wp","href":"https:\/\/api.w.org\/{rel}","templated":true}]}}